{"id":4546,"date":"2025-10-21T08:04:08","date_gmt":"2025-10-21T06:04:08","guid":{"rendered":"https:\/\/drarebeccaordovas.com\/neumologia-pediatrica-a-domicilio\/"},"modified":"2026-04-29T22:26:11","modified_gmt":"2026-04-29T20:26:11","slug":"paediatric-respiratory-medicine-home-visits","status":"publish","type":"page","link":"https:\/\/drarebeccaordovas.com\/en\/paediatric-respiratory-medicine-home-visits\/","title":{"rendered":"Paediatric Respiratory Medicine Home Visits in Madrid"},"content":{"rendered":"\n<style type=\"text\/css\" data-created_by=\"avia_inline_auto\" id=\"style-css-av-h5gie-96e72702cbcd1c2951620a72ecbe5735\">\n.avia-section.av-h5gie-96e72702cbcd1c2951620a72ecbe5735{\nbackground-color:#126c8f;\nbackground-image:unset;\n}\n.avia-section.av-h5gie-96e72702cbcd1c2951620a72ecbe5735 .av-section-color-overlay{\nopacity:1;\nbackground-image:url(https:\/\/drarebeccaordovas.com\/wp-content\/uploads\/2023\/07\/favicon-white-1.png);\nbackground-repeat:repeat;\n}\n<\/style>\n<div id='av_section_1'  class='avia-section av-h5gie-96e72702cbcd1c2951620a72ecbe5735 main_color avia-section-default avia-no-border-styling  avia-builder-el-0  el_before_av_section  avia-builder-el-first  cabecera avia-bg-style-scroll av-section-color-overlay-active av-minimum-height av-minimum-height-20 av-height-percent  container_wrap sidebar_right'   data-av_minimum_height_pc='20' data-av_min_height_opt='percent'><div class=\"av-section-color-overlay-wrap\"><div class=\"av-section-color-overlay\"><\/div><div class='container av-section-cont-open' ><main  role=\"main\" itemprop=\"mainContentOfPage\"  class='template-page content  av-content-small alpha units'><div class='post-entry post-entry-type-page post-entry-4546'><div class='entry-content-wrapper clearfix'>\n\n<style type=\"text\/css\" data-created_by=\"avia_inline_auto\" id=\"style-css-av-ljzrvzok-80ff9f10204bf8401bf7f5b0f75a05b5\">\n#top .av-special-heading.av-ljzrvzok-80ff9f10204bf8401bf7f5b0f75a05b5{\npadding-bottom:10px;\ncolor:#ffffff;\n}\nbody .av-special-heading.av-ljzrvzok-80ff9f10204bf8401bf7f5b0f75a05b5 .av-special-heading-tag .heading-char{\nfont-size:25px;\n}\n.av-special-heading.av-ljzrvzok-80ff9f10204bf8401bf7f5b0f75a05b5 .special-heading-inner-border{\nborder-color:#ffffff;\n}\n.av-special-heading.av-ljzrvzok-80ff9f10204bf8401bf7f5b0f75a05b5 .av-subheading{\nfont-size:20px;\n}\n<\/style>\n<div  class='av-special-heading av-ljzrvzok-80ff9f10204bf8401bf7f5b0f75a05b5 av-special-heading-h1 custom-color-heading blockquote modern-quote modern-centered  avia-builder-el-1  el_before_av_codeblock  avia-builder-el-first '><h1 class='av-special-heading-tag '  itemprop=\"headline\"  >Paediatric Respiratory Medicine Home Visits in Madrid<\/h1><div class='av_custom_color av-subheading av-subheading_below'><p>Specialist respiratory care for children delivered directly at home. Diagnosis, treatment, and follow-up without the need for travel.<\/p>\n<\/div><div class=\"special-heading-border\"><div class=\"special-heading-inner-border\"><\/div><\/div><\/div>\n\n\n\n<\/div><\/div><\/main><!-- close content main element --><\/div><\/div><\/div><div id='av_section_2'  class='avia-section av-58ns6-10b62b6deced8e8f57d7abfcb62fd0c6 main_color avia-section-large avia-no-border-styling  avia-builder-el-4  el_after_av_section  el_before_av_section  avia-bg-style-scroll container_wrap sidebar_right'  ><div class='container av-section-cont-open' ><div class='template-page content  av-content-small alpha units'><div class='post-entry post-entry-type-page post-entry-4546'><div class='entry-content-wrapper clearfix'>\n<div  class='flex_column av-1010go9-e8488b40981e4124a41422f47a632e98 av_one_fourth  avia-builder-el-5  el_before_av_one_fourth  avia-builder-el-first  first flex_column_div av-hide-on-mobile  '     ><style type=\"text\/css\" data-created_by=\"avia_inline_auto\" id=\"style-css-av-mg6settc-6494cdf5c23010a9d209bc55c3983bb5\">\n.avia-image-container.av-mg6settc-6494cdf5c23010a9d209bc55c3983bb5 img.avia_image{\nbox-shadow:none;\n}\n.avia-image-container.av-mg6settc-6494cdf5c23010a9d209bc55c3983bb5 .av-image-caption-overlay-center{\ncolor:#ffffff;\n}\n<\/style>\n<div  class='avia-image-container av-mg6settc-6494cdf5c23010a9d209bc55c3983bb5 av-styling- avia-align-center  avia-builder-el-6  avia-builder-el-no-sibling '   itemprop=\"image\" itemscope=\"itemscope\" itemtype=\"https:\/\/schema.org\/ImageObject\" ><div class=\"avia-image-container-inner\"><div class=\"avia-image-overlay-wrap\"><img decoding=\"async\" fetchpriority=\"high\" class='wp-image-3633 avia-img-lazy-loading-not-3633 avia_image ' src=\"https:\/\/drarebeccaordovas.com\/wp-content\/uploads\/2025\/10\/casa-ico-2-2.png\" alt='' title='casa-ico-2'  height=\"124\" width=\"124\"  itemprop=\"thumbnailUrl\" srcset=\"https:\/\/drarebeccaordovas.com\/wp-content\/uploads\/2025\/10\/casa-ico-2-2.png 124w, https:\/\/drarebeccaordovas.com\/wp-content\/uploads\/2025\/10\/casa-ico-2-2-80x80.png 80w, https:\/\/drarebeccaordovas.com\/wp-content\/uploads\/2025\/10\/casa-ico-2-2-36x36.png 36w\" sizes=\"(max-width: 124px) 100vw, 124px\" \/><\/div><\/div><\/div><\/div><div  class='flex_column av-4sn515-0e5df4d087b19be289c2ba2ebbf520b7 av_one_fourth  avia-builder-el-7  el_after_av_one_fourth  el_before_av_one_fourth  flex_column_div av-hide-on-mobile  '     ><style type=\"text\/css\" data-created_by=\"avia_inline_auto\" id=\"style-css-av-36zy8p-fac7fce75b071e85125c525d06d97655\">\n.avia-image-container.av-36zy8p-fac7fce75b071e85125c525d06d97655 img.avia_image{\nbox-shadow:none;\n}\n.avia-image-container.av-36zy8p-fac7fce75b071e85125c525d06d97655 .av-image-caption-overlay-center{\ncolor:#ffffff;\n}\n<\/style>\n<div  class='avia-image-container av-36zy8p-fac7fce75b071e85125c525d06d97655 av-styling- avia-align-center  avia-builder-el-8  avia-builder-el-no-sibling '   itemprop=\"image\" itemscope=\"itemscope\" itemtype=\"https:\/\/schema.org\/ImageObject\" ><div class=\"avia-image-container-inner\"><div class=\"avia-image-overlay-wrap\"><img decoding=\"async\" fetchpriority=\"high\" class='wp-image-3628 avia-img-lazy-loading-not-3628 avia_image ' src=\"https:\/\/drarebeccaordovas.com\/wp-content\/uploads\/2025\/10\/doctor-domicilio-ico-2-1.png\" alt='' title='doctor-domicilio-ico-2'  height=\"125\" width=\"125\"  itemprop=\"thumbnailUrl\" srcset=\"https:\/\/drarebeccaordovas.com\/wp-content\/uploads\/2025\/10\/doctor-domicilio-ico-2-1.png 125w, https:\/\/drarebeccaordovas.com\/wp-content\/uploads\/2025\/10\/doctor-domicilio-ico-2-1-80x80.png 80w, https:\/\/drarebeccaordovas.com\/wp-content\/uploads\/2025\/10\/doctor-domicilio-ico-2-1-36x36.png 36w\" sizes=\"(max-width: 125px) 100vw, 125px\" \/><\/div><\/div><\/div><\/div><div  class='flex_column av-xdmluh-f520c5b89890c112b88910e6a89e2af5 av_one_fourth  avia-builder-el-9  el_after_av_one_fourth  el_before_av_one_fourth  flex_column_div av-hide-on-mobile  '     ><style type=\"text\/css\" data-created_by=\"avia_inline_auto\" id=\"style-css-av-mg6sfjtp-44891e2c532a13ae8d061fd897897d56\">\n.avia-image-container.av-mg6sfjtp-44891e2c532a13ae8d061fd897897d56 img.avia_image{\nbox-shadow:none;\n}\n.avia-image-container.av-mg6sfjtp-44891e2c532a13ae8d061fd897897d56 .av-image-caption-overlay-center{\ncolor:#ffffff;\n}\n<\/style>\n<div  class='avia-image-container av-mg6sfjtp-44891e2c532a13ae8d061fd897897d56 av-styling- avia-align-center  avia-builder-el-10  avia-builder-el-no-sibling '   itemprop=\"image\" itemscope=\"itemscope\" itemtype=\"https:\/\/schema.org\/ImageObject\" ><div class=\"avia-image-container-inner\"><div class=\"avia-image-overlay-wrap\"><img decoding=\"async\" fetchpriority=\"high\" class='wp-image-3621 avia-img-lazy-loading-not-3621 avia_image ' src=\"https:\/\/drarebeccaordovas.com\/wp-content\/uploads\/2025\/10\/madrid-alrededores-ico-2.png\" alt='' title='madrid-alrededores-ico-2'  height=\"124\" width=\"125\"  itemprop=\"thumbnailUrl\" srcset=\"https:\/\/drarebeccaordovas.com\/wp-content\/uploads\/2025\/10\/madrid-alrededores-ico-2.png 125w, https:\/\/drarebeccaordovas.com\/wp-content\/uploads\/2025\/10\/madrid-alrededores-ico-2-80x80.png 80w, https:\/\/drarebeccaordovas.com\/wp-content\/uploads\/2025\/10\/madrid-alrededores-ico-2-36x36.png 36w\" sizes=\"(max-width: 125px) 100vw, 125px\" \/><\/div><\/div><\/div><\/div><div  class='flex_column av-whm4nd-536215488d428afae3e570a7a04a0cfd av_one_fourth  avia-builder-el-11  el_after_av_one_fourth  el_before_av_one_half  flex_column_div av-hide-on-mobile  '     ><style type=\"text\/css\" data-created_by=\"avia_inline_auto\" id=\"style-css-av-mg6sg6d7-96f02d4b168ee5545084b76b603d1be7\">\n.avia-image-container.av-mg6sg6d7-96f02d4b168ee5545084b76b603d1be7 img.avia_image{\nbox-shadow:none;\n}\n.avia-image-container.av-mg6sg6d7-96f02d4b168ee5545084b76b603d1be7 .av-image-caption-overlay-center{\ncolor:#ffffff;\n}\n<\/style>\n<div  class='avia-image-container av-mg6sg6d7-96f02d4b168ee5545084b76b603d1be7 av-styling- avia-align-center  avia-builder-el-12  avia-builder-el-no-sibling '   itemprop=\"image\" itemscope=\"itemscope\" itemtype=\"https:\/\/schema.org\/ImageObject\" ><div class=\"avia-image-container-inner\"><div class=\"avia-image-overlay-wrap\"><img decoding=\"async\" fetchpriority=\"high\" class='wp-image-3618 avia-img-lazy-loading-not-3618 avia_image ' src=\"https:\/\/drarebeccaordovas.com\/wp-content\/uploads\/2025\/10\/atencion-telf-ico-2.png\" alt='' title='atencion-telf-ico-2'  height=\"124\" width=\"125\"  itemprop=\"thumbnailUrl\" srcset=\"https:\/\/drarebeccaordovas.com\/wp-content\/uploads\/2025\/10\/atencion-telf-ico-2.png 125w, https:\/\/drarebeccaordovas.com\/wp-content\/uploads\/2025\/10\/atencion-telf-ico-2-80x80.png 80w, https:\/\/drarebeccaordovas.com\/wp-content\/uploads\/2025\/10\/atencion-telf-ico-2-36x36.png 36w\" sizes=\"(max-width: 125px) 100vw, 125px\" \/><\/div><\/div><\/div><\/div><div class='flex_column_table av-16mnsu-1d33e2fff3e80b5f7c7adf038a72dfd0 sc-av_one_half av-equal-height-column-flextable'><div  class='flex_column av-16mnsu-1d33e2fff3e80b5f7c7adf038a72dfd0 av_one_half  avia-builder-el-13  el_after_av_one_fourth  el_before_av_one_half  first flex_column_table_cell av-equal-height-column av-align-middle  column-top-margin'     ><p>\n<style type=\"text\/css\" data-created_by=\"avia_inline_auto\" id=\"style-css-av-ljzs4blx-c64fcd171310f25df217ef005bf7f408\">\n#top .av-special-heading.av-ljzs4blx-c64fcd171310f25df217ef005bf7f408{\npadding-bottom:10px;\ncolor:#126c8f;\n}\nbody .av-special-heading.av-ljzs4blx-c64fcd171310f25df217ef005bf7f408 .av-special-heading-tag .heading-char{\nfont-size:25px;\n}\n.av-special-heading.av-ljzs4blx-c64fcd171310f25df217ef005bf7f408 .special-heading-inner-border{\nborder-color:#126c8f;\n}\n.av-special-heading.av-ljzs4blx-c64fcd171310f25df217ef005bf7f408 .av-subheading{\nfont-size:20px;\n}\n<\/style>\n<div  class='av-special-heading av-ljzs4blx-c64fcd171310f25df217ef005bf7f408 av-special-heading-h2 custom-color-heading blockquote modern-quote  avia-builder-el-14  el_before_av_textblock  avia-builder-el-first '><h2 class='av-special-heading-tag '  itemprop=\"headline\"  >What is paediatric respiratory medicine?<\/h2><div class=\"special-heading-border\"><div class=\"special-heading-inner-border\"><\/div><\/div><\/div><br \/>\n<section  class='av_textblock_section av-ljzs675q-039c47482d01f58e51ec82b0738cb58b '   itemscope=\"itemscope\" itemtype=\"https:\/\/schema.org\/CreativeWork\" ><div class='avia_textblock'  itemprop=\"text\" ><p data-start=\"0\" data-end=\"411\"><strong data-start=\"0\" data-end=\"131\">Paediatric respiratory medicine focuses on the study and treatment of respiratory diseases in babies, children, and adolescents<\/strong> (such as asthma, persistent cough, or recurrent infections). Its primary aim is to ensure the optimal development and function of the growing respiratory system, improving patients\u2019 quality of life and preventing long-term complications that may affect their health in adulthood.<\/p>\n<p data-start=\"413\" data-end=\"637\" data-is-last-node=\"\" data-is-only-node=\"\">It often works <strong data-start=\"428\" data-end=\"468\">closely alongside paediatric allergy<\/strong>, offering a <strong data-start=\"481\" data-end=\"511\">multidisciplinary approach<\/strong> that allows for more effective management of respiratory conditions, particularly when they are triggered by allergic causes.<\/p>\n<\/div><\/section><br \/>\n\n<style type=\"text\/css\" data-created_by=\"avia_inline_auto\" id=\"style-css-av-13lmna-b71c02853c43f0ff1026fd2492ea2d54\">\n#top .hr.hr-invisible.av-13lmna-b71c02853c43f0ff1026fd2492ea2d54{\nheight:10px;\n}\n<\/style>\n<div  class='hr av-13lmna-b71c02853c43f0ff1026fd2492ea2d54 hr-invisible  avia-builder-el-16  el_after_av_textblock  el_before_av_codeblock '><span class='hr-inner '><span class=\"hr-inner-style\"><\/span><\/span><\/div><br \/>\n<\/p><\/div><div class='av-flex-placeholder'><\/div><div  class='flex_column av-utm2ax-1baced689bd93274a6e818261a5c41c8 av_one_half  avia-builder-el-18  el_after_av_one_half  avia-builder-el-last  flex_column_table_cell av-equal-height-column av-align-middle  column-top-margin'     ><style type=\"text\/css\" data-created_by=\"avia_inline_auto\" id=\"style-css-av-mg6qz8a3-a87698d1324f79b5dea4c945aaf94913\">\n.avia-image-container.av-mg6qz8a3-a87698d1324f79b5dea4c945aaf94913 img.avia_image{\nbox-shadow:none;\n}\n.avia-image-container.av-mg6qz8a3-a87698d1324f79b5dea4c945aaf94913 .av-image-caption-overlay-center{\ncolor:#ffffff;\n}\n<\/style>\n<div  class='avia-image-container av-mg6qz8a3-a87698d1324f79b5dea4c945aaf94913 av-styling- avia-align-center  avia-builder-el-19  avia-builder-el-no-sibling '   itemprop=\"image\" itemscope=\"itemscope\" itemtype=\"https:\/\/schema.org\/ImageObject\" ><div class=\"avia-image-container-inner\"><div class=\"avia-image-overlay-wrap\"><img decoding=\"async\" fetchpriority=\"high\" class='wp-image-3757 avia-img-lazy-loading-not-3757 avia_image ' src=\"https:\/\/drarebeccaordovas.com\/wp-content\/uploads\/2025\/10\/neumologia-pediatrica-a-domicilio.webp\" alt='Tratamiento de asma por neum\u00f3logo pedi\u00e1trico a domicilio' title='neumologia-pediatrica-a-domicilio'  height=\"1024\" width=\"1536\"  itemprop=\"thumbnailUrl\" srcset=\"https:\/\/drarebeccaordovas.com\/wp-content\/uploads\/2025\/10\/neumologia-pediatrica-a-domicilio.webp 1536w, https:\/\/drarebeccaordovas.com\/wp-content\/uploads\/2025\/10\/neumologia-pediatrica-a-domicilio-300x200.webp 300w, https:\/\/drarebeccaordovas.com\/wp-content\/uploads\/2025\/10\/neumologia-pediatrica-a-domicilio-1030x687.webp 1030w, https:\/\/drarebeccaordovas.com\/wp-content\/uploads\/2025\/10\/neumologia-pediatrica-a-domicilio-768x512.webp 768w, https:\/\/drarebeccaordovas.com\/wp-content\/uploads\/2025\/10\/neumologia-pediatrica-a-domicilio-1500x1000.webp 1500w, https:\/\/drarebeccaordovas.com\/wp-content\/uploads\/2025\/10\/neumologia-pediatrica-a-domicilio-705x470.webp 705w\" sizes=\"(max-width: 1536px) 100vw, 1536px\" \/><\/div><\/div><\/div><\/div><\/div><!--close column table wrapper. Autoclose: 1 -->\n\n<\/div><\/div><\/div><!-- close content main div --><\/div><\/div><div id='av_section_3'  class='avia-section av-thaqk9-7d6ac921eefc3258abf6259b6243e4e6 main_color avia-section-large avia-no-border-styling  avia-builder-el-20  el_after_av_section  el_before_av_one_third  avia-bg-style-scroll container_wrap sidebar_right'  ><div class='container av-section-cont-open' ><div class='template-page content  av-content-small alpha units'><div class='post-entry post-entry-type-page post-entry-4546'><div class='entry-content-wrapper clearfix'>\n<div  class='flex_column av-riuau1-455d26ada268984eed2d6915f5f8471e av_one_full  avia-builder-el-21  el_before_av_one_half  avia-builder-el-first  first flex_column_div  '     ><style type=\"text\/css\" data-created_by=\"avia_inline_auto\" id=\"style-css-av-mg6r0fzq-6b01f54044790759b09bb140e5790fef\">\n#top .av-special-heading.av-mg6r0fzq-6b01f54044790759b09bb140e5790fef{\npadding-bottom:10px;\ncolor:#126c8f;\n}\nbody .av-special-heading.av-mg6r0fzq-6b01f54044790759b09bb140e5790fef .av-special-heading-tag .heading-char{\nfont-size:25px;\n}\n.av-special-heading.av-mg6r0fzq-6b01f54044790759b09bb140e5790fef .special-heading-inner-border{\nborder-color:#126c8f;\n}\n.av-special-heading.av-mg6r0fzq-6b01f54044790759b09bb140e5790fef .av-subheading{\nfont-size:20px;\n}\n<\/style>\n<div  class='av-special-heading av-mg6r0fzq-6b01f54044790759b09bb140e5790fef av-special-heading-h2 custom-color-heading blockquote modern-quote modern-centered  avia-builder-el-22  avia-builder-el-no-sibling '><h2 class='av-special-heading-tag '  itemprop=\"headline\"  >Respiratory conditions we manage at home<\/h2><div class=\"special-heading-border\"><div class=\"special-heading-inner-border\"><\/div><\/div><\/div><\/div><div  class='flex_column av-9fzvm3-c76823fbfb9bd09c864b40c93f97c24b av_one_half  avia-builder-el-23  el_after_av_one_full  el_before_av_one_half  first flex_column_div  column-top-margin'     ><div  class='togglecontainer av-mmq11kit-012327ccbea8dbd4b1ac9078a96b02a4  avia-builder-el-24  avia-builder-el-no-sibling  toggle_close_all' >\n<section class='av_toggle_section av-mmq0ycm3-779d9f8dbd94a31f87876354898ec721'  itemscope=\"itemscope\" itemtype=\"https:\/\/schema.org\/CreativeWork\" ><div role=\"tablist\" class=\"single_toggle\" data-tags=\"{All} \"  ><p id='toggle-toggle-id-1' data-fake-id='#toggle-id-1' class='toggler  av-title-above '  itemprop=\"headline\"  role='tab' tabindex='0' aria-controls='toggle-id-1' data-slide-speed=\"200\" data-title=\"Childhood asthma\" data-title-open=\"\" data-aria_collapsed=\"Click to expand: Childhood asthma\" data-aria_expanded=\"Click to collapse: Childhood asthma\">Childhood asthma<span class=\"toggle_icon\"><span class=\"vert_icon\"><\/span><span class=\"hor_icon\"><\/span><\/span><\/p><div id='toggle-id-1' aria-labelledby='toggle-toggle-id-1' role='region' class='toggle_wrap  av-title-above'  ><div class='toggle_content invers-color '  itemprop=\"text\" ><p>A condition in which the airways become highly sensitive, narrow, and produce excess mucus. The main symptoms include episodes of cough (especially at night or during exertion), shortness of <strong>breath, chest tightness, and wheezing<\/strong>.<\/p>\n<\/div><\/div><\/div><\/section>\n<section class='av_toggle_section av-mmq103lp-547552ed4ca96c957dd998b7065ba83e'  itemscope=\"itemscope\" itemtype=\"https:\/\/schema.org\/CreativeWork\" ><div role=\"tablist\" class=\"single_toggle\" data-tags=\"{All} \"  ><p id='toggle-toggle-id-2' data-fake-id='#toggle-id-2' class='toggler  av-title-above '  itemprop=\"headline\"  role='tab' tabindex='0' aria-controls='toggle-id-2' data-slide-speed=\"200\" data-title=\"Chronic cough or wheezing\" data-title-open=\"\" data-aria_collapsed=\"Click to expand: Chronic cough or wheezing\" data-aria_expanded=\"Click to collapse: Chronic cough or wheezing\">Chronic cough or wheezing<span class=\"toggle_icon\"><span class=\"vert_icon\"><\/span><span class=\"hor_icon\"><\/span><\/span><\/p><div id='toggle-id-2' aria-labelledby='toggle-toggle-id-2' role='region' class='toggle_wrap  av-title-above'  ><div class='toggle_content invers-color '  itemprop=\"text\" ><p>A cough is considered <strong>chronic<\/strong> when it persists for more than 4 weeks. <strong>Wheezing<\/strong> is a high-pitched, whistling sound heard during breathing (usually on exhalation), caused by narrowing of the airways.<\/p>\n<\/div><\/div><\/div><\/section>\n<section class='av_toggle_section av-mmq11i3n-d0a2000b8e62c97eebb0bc270365c64c'  itemscope=\"itemscope\" itemtype=\"https:\/\/schema.org\/CreativeWork\" ><div role=\"tablist\" class=\"single_toggle\" data-tags=\"{All} \"  ><p id='toggle-toggle-id-3' data-fake-id='#toggle-id-3' class='toggler  av-title-above '  itemprop=\"headline\"  role='tab' tabindex='0' aria-controls='toggle-id-3' data-slide-speed=\"200\" data-title=\"Bronchiolitis\" data-title-open=\"\" data-aria_collapsed=\"Click to expand: Bronchiolitis\" data-aria_expanded=\"Click to collapse: Bronchiolitis\">Bronchiolitis<span class=\"toggle_icon\"><span class=\"vert_icon\"><\/span><span class=\"hor_icon\"><\/span><\/span><\/p><div id='toggle-id-3' aria-labelledby='toggle-toggle-id-3' role='region' class='toggle_wrap  av-title-above'  ><div class='toggle_content invers-color '  itemprop=\"text\" ><p>Very common in babies and children under 2 years of age. It typically begins like a cold and, after a few days, may worsen, presenting with <strong data-start=\"159\" data-end=\"219\">persistent cough, rapid and laboured breathing, wheezing<\/strong>, and often <strong data-start=\"231\" data-end=\"253\">difficulty feeding<\/strong>.<\/p>\n<\/div><\/div><\/div><\/section>\n<\/div><\/div><div  class='flex_column av-7f0rzv-006aaf3bec571240788c8f27e3212005 av_one_half  avia-builder-el-25  el_after_av_one_half  avia-builder-el-last  flex_column_div  column-top-margin'     ><div  class='togglecontainer av-mmq1645e-402585cb0be8d8fd17e5b1f0afd95eec  avia-builder-el-26  avia-builder-el-no-sibling  toggle_close_all' >\n<section class='av_toggle_section av-mmq12tae-93469bfd1992e9d95f68a7fdd434656c'  itemscope=\"itemscope\" itemtype=\"https:\/\/schema.org\/CreativeWork\" ><div role=\"tablist\" class=\"single_toggle\" data-tags=\"{All} \"  ><p id='toggle-toggle-id-4' data-fake-id='#toggle-id-4' class='toggler  av-title-above '  itemprop=\"headline\"  role='tab' tabindex='0' aria-controls='toggle-id-4' data-slide-speed=\"200\" data-title=\"Infecciones respiratorias\" data-title-open=\"\" data-aria_collapsed=\"Click to expand: Infecciones respiratorias\" data-aria_expanded=\"Click to collapse: Infecciones respiratorias\">Infecciones respiratorias<span class=\"toggle_icon\"><span class=\"vert_icon\"><\/span><span class=\"hor_icon\"><\/span><\/span><\/p><div id='toggle-id-4' aria-labelledby='toggle-toggle-id-4' role='region' class='toggle_wrap  av-title-above'  ><div class='toggle_content invers-color '  itemprop=\"text\" ><p>Abarca infecciones causadas por virus o bacterias en cualquier parte del aparato respiratorio. Los s\u00edntomas var\u00edan seg\u00fan la zona afectada, pero suelen incluir congesti\u00f3n o secreci\u00f3n nasal, fiebre, tos, dolor de garganta y malestar general.<\/p>\n<\/div><\/div><\/div><\/section>\n<section class='av_toggle_section av-mmq13grq-69ba060b41bd9660abc849b2b8038675'  itemscope=\"itemscope\" itemtype=\"https:\/\/schema.org\/CreativeWork\" ><div role=\"tablist\" class=\"single_toggle\" data-tags=\"{All} \"  ><p id='toggle-toggle-id-5' data-fake-id='#toggle-id-5' class='toggler  av-title-above '  itemprop=\"headline\"  role='tab' tabindex='0' aria-controls='toggle-id-5' data-slide-speed=\"200\" data-title=\"Neumon\u00eda\" data-title-open=\"\" data-aria_collapsed=\"Click to expand: Neumon\u00eda\" data-aria_expanded=\"Click to collapse: Neumon\u00eda\">Neumon\u00eda<span class=\"toggle_icon\"><span class=\"vert_icon\"><\/span><span class=\"hor_icon\"><\/span><\/span><\/p><div id='toggle-id-5' aria-labelledby='toggle-toggle-id-5' role='region' class='toggle_wrap  av-title-above'  ><div class='toggle_content invers-color '  itemprop=\"text\" ><p>Se manifiesta con fiebre alta, escalofr\u00edos, tos (a veces con mucosidad), respiraci\u00f3n acelerada o dificultosa, decaimiento importante y, en ocasiones, dolor de pecho o abdominal.<\/p>\n<\/div><\/div><\/div><\/section>\n<section class='av_toggle_section av-mmq14ntk-deee3e889392bc69b2e8819ca168efb0'  itemscope=\"itemscope\" itemtype=\"https:\/\/schema.org\/CreativeWork\" ><div role=\"tablist\" class=\"single_toggle\" data-tags=\"{All} \"  ><p id='toggle-toggle-id-6' data-fake-id='#toggle-id-6' class='toggler  av-title-above '  itemprop=\"headline\"  role='tab' tabindex='0' aria-controls='toggle-id-6' data-slide-speed=\"200\" data-title=\"Pruebas funcionales respiratorias\" data-title-open=\"\" data-aria_collapsed=\"Click to expand: Pruebas funcionales respiratorias\" data-aria_expanded=\"Click to collapse: Pruebas funcionales respiratorias\">Pruebas funcionales respiratorias<span class=\"toggle_icon\"><span class=\"vert_icon\"><\/span><span class=\"hor_icon\"><\/span><\/span><\/p><div id='toggle-id-6' aria-labelledby='toggle-toggle-id-6' role='region' class='toggle_wrap  av-title-above'  ><div class='toggle_content invers-color '  itemprop=\"text\" ><p>Son estudios indoloros que nos permiten confirmar diagn\u00f3sticos, como el asma, y valorar si el tratamiento est\u00e1 funcionando.<\/p>\n<\/div><\/div><\/div><\/section>\n<\/div><\/div>\n<\/div><\/div><\/div><!-- close content main div --><\/div><\/div><div id='after_section_3'  class='main_color av_default_container_wrap container_wrap sidebar_right'  ><div class='container av-section-cont-open' ><div class='template-page content  av-content-small alpha units'><div class='post-entry post-entry-type-page post-entry-4546'><div class='entry-content-wrapper clearfix'>\n<div  class='flex_column av-5z47h7-11d5711c12e7267fc12c5dea0a409c8a av_one_third  avia-builder-el-27  el_after_av_section  el_before_av_two_third  avia-builder-el-first  first flex_column_div  '     ><style type=\"text\/css\" data-created_by=\"avia_inline_auto\" id=\"style-css-av-mh05p82c-c3c85f42ea130d78fb38fd90ba5d90ad\">\n.avia-image-container.av-mh05p82c-c3c85f42ea130d78fb38fd90ba5d90ad img.avia_image{\nbox-shadow:none;\n}\n.avia-image-container.av-mh05p82c-c3c85f42ea130d78fb38fd90ba5d90ad .av-image-caption-overlay-center{\ncolor:#ffffff;\n}\n<\/style>\n<div  class='avia-image-container av-mh05p82c-c3c85f42ea130d78fb38fd90ba5d90ad av-styling- avia-align-center  avia-builder-el-28  avia-builder-el-no-sibling '   itemprop=\"image\" itemscope=\"itemscope\" itemtype=\"https:\/\/schema.org\/ImageObject\" ><div class=\"avia-image-container-inner\"><div class=\"avia-image-overlay-wrap\"><img decoding=\"async\" fetchpriority=\"high\" class='wp-image-3773 avia-img-lazy-loading-not-3773 avia_image ' src=\"https:\/\/drarebeccaordovas.com\/wp-content\/uploads\/2025\/10\/alergologo.png\" alt='' title='alergologo'  height=\"1024\" width=\"1536\"  itemprop=\"thumbnailUrl\" srcset=\"https:\/\/drarebeccaordovas.com\/wp-content\/uploads\/2025\/10\/alergologo.png 1536w, https:\/\/drarebeccaordovas.com\/wp-content\/uploads\/2025\/10\/alergologo-300x200.png 300w, https:\/\/drarebeccaordovas.com\/wp-content\/uploads\/2025\/10\/alergologo-1030x687.png 1030w, https:\/\/drarebeccaordovas.com\/wp-content\/uploads\/2025\/10\/alergologo-768x512.png 768w, https:\/\/drarebeccaordovas.com\/wp-content\/uploads\/2025\/10\/alergologo-1500x1000.png 1500w, https:\/\/drarebeccaordovas.com\/wp-content\/uploads\/2025\/10\/alergologo-705x470.png 705w\" sizes=\"(max-width: 1536px) 100vw, 1536px\" \/><\/div><\/div><\/div><\/div>\n<div  class='flex_column av-4j82e3-f94d2ea1dd57ace51fbef028feb4e075 av_two_third  avia-builder-el-29  el_after_av_one_third  el_before_av_section  avia-builder-el-last  flex_column_div  '     ><section  class='av_textblock_section av-mh058wyz-44abf35711ec9fcd90070b348ad28eb1 '   itemscope=\"itemscope\" itemtype=\"https:\/\/schema.org\/CreativeWork\" ><div class='avia_textblock'  itemprop=\"text\" ><h2 data-start=\"0\" data-end=\"56\"><strong data-start=\"0\" data-end=\"56\">Which respiratory conditions can be managed at home?<\/strong><\/h2>\n<section class=\"text-token-text-primary w-full focus:outline-none &#091;--shadow-height:45px&#093; has-data-writing-block:pointer-events-none has-data-writing-block:-mt-(--shadow-height) has-data-writing-block:pt-(--shadow-height) &#091;&amp;:has(&#091;data-writing-block&#093;)&gt;*&#093;:pointer-events-auto &#091;content-visibility:auto&#093; supports-&#091;content-visibility:auto&#093;:&#091;contain-intrinsic-size:auto_100lvh&#093; R6Vx5W_threadScrollVars scroll-mb-&#091;calc(var(--scroll-root-safe-area-inset-bottom,0px)+var(--thread-response-height))&#093; scroll-mt-&#091;calc(var(--header-height)+min(200px,max(70px,20svh)))&#093;\" dir=\"auto\" data-turn-id=\"request-69261470-5524-8323-a718-1b8908cc04e4-27\" data-testid=\"conversation-turn-360\" data-scroll-anchor=\"false\" data-turn=\"assistant\">\n<div class=\"text-base my-auto mx-auto pb-10 &#091;--thread-content-margin:var(--thread-content-margin-xs,calc(var(--spacing)*4))&#093; @w-sm\/main:&#091;--thread-content-margin:var(--thread-content-margin-sm,calc(var(--spacing)*6))&#093; @w-lg\/main:&#091;--thread-content-margin:var(--thread-content-margin-lg,calc(var(--spacing)*16))&#093; px-(--thread-content-margin)\">\n<div class=\"&#091;--thread-content-max-width:40rem&#093; @w-lg\/main:&#091;--thread-content-max-width:48rem&#093; mx-auto max-w-(--thread-content-max-width) flex-1 group\/turn-messages focus-visible:outline-hidden relative flex w-full min-w-0 flex-col agent-turn\">\n<div class=\"flex max-w-full flex-col gap-4 grow\">\n<div class=\"min-h-8 text-message relative flex w-full flex-col items-end gap-2 text-start break-words whitespace-normal outline-none keyboard-focused:focus-ring &#091;.text-message+&amp;&#093;:mt-1\" dir=\"auto\" tabindex=\"0\" data-message-author-role=\"assistant\" data-message-id=\"aa7a118d-c921-4bf6-9a72-d007731de12a\" data-message-model-slug=\"gpt-5-3\" data-turn-start-message=\"true\">\n<div class=\"flex w-full flex-col gap-1 empty:hidden\">\n<div class=\"markdown prose dark:prose-invert w-full wrap-break-word dark markdown-new-styling\">\n<p data-start=\"58\" data-end=\"273\">Our <strong data-start=\"62\" data-end=\"101\">paediatric respiratory home service<\/strong> is designed for the <strong data-start=\"122\" data-end=\"162\">assessment, diagnosis, and follow-up<\/strong> of the most common respiratory conditions in childhood, providing specialist care without the need for travel.<\/p>\n<p data-start=\"275\" data-end=\"450\">We manage <strong data-start=\"285\" data-end=\"305\">childhood asthma<\/strong>, including individualised clinical assessment, treatment adjustment, and family education on the correct use of inhalers and monitoring devices.<\/p>\n<p data-start=\"452\" data-end=\"685\">We also evaluate <strong data-start=\"469\" data-end=\"509\">chronic cough and recurrent wheezing<\/strong>, analysing potential causes and progression through clinical examination and, when indicated, basic respiratory function tests such as <strong data-start=\"645\" data-end=\"684\">spirometry or peak flow measurement<\/strong>.<\/p>\n<p data-start=\"687\" data-end=\"1019\">The service includes the <strong data-start=\"712\" data-end=\"796\">monitoring and follow-up of bronchiolitis, pneumonia, and respiratory infections<\/strong>, particularly in young children or those with risk factors, as well as the management of <strong data-start=\"886\" data-end=\"945\">bronchitis and other lower respiratory tract infections<\/strong>, closely tracking clinical progress and helping to prevent complications.<\/p>\n<p data-start=\"1021\" data-end=\"1201\" data-is-last-node=\"\" data-is-only-node=\"\">All of this is complemented by <strong data-start=\"1052\" data-end=\"1106\">close, home-based follow-up tailored to each child<\/strong>, ensuring a safe and continuous approach to the most common paediatric respiratory conditions.<\/p>\n<\/div>\n<\/div>\n<\/div>\n<\/div>\n<div class=\"z-0 flex min-h-&#091;46px&#093; justify-start\"><\/div>\n<\/div>\n<\/div>\n<\/section>\n<div class=\"pointer-events-none -mt-px h-px translate-y-&#091;calc(var(--scroll-root-safe-area-inset-bottom)-14*var(--spacing))&#093;\" aria-hidden=\"true\"><\/div>\n<\/div><\/section><\/div>\n<\/div><\/div><\/div><!-- close content main div --><\/div><\/div><div id='section_equipo_servicio'  class='avia-section av-1aoa32-ded48de3eb226c497dd18e16c49be9ab main_color avia-section-default avia-no-border-styling  avia-builder-el-31  el_after_av_two_third  el_before_av_textblock  avia-bg-style-scroll container_wrap sidebar_right'  ><div class='container av-section-cont-open' ><div class='template-page content  av-content-small alpha units'><div class='post-entry post-entry-type-page post-entry-4546'><div class='entry-content-wrapper clearfix'>\n<div  class='flex_column av-fhsd2-6fd27a73082a1902a3b5dabbd9c24e25 av_two_fifth  avia-builder-el-32  el_before_av_three_fifth  avia-builder-el-first  first flex_column_div  '     ><p>\n<style type=\"text\/css\" data-created_by=\"avia_inline_auto\" id=\"style-css-av-m1gc21pu-dc9c411114fda40d0eb892a69957aa61\">\n.avia-image-container.av-m1gc21pu-dc9c411114fda40d0eb892a69957aa61 img.avia_image{\nbox-shadow:none;\n}\n.avia-image-container.av-m1gc21pu-dc9c411114fda40d0eb892a69957aa61 .av-image-caption-overlay-center{\ncolor:#ffffff;\n}\n<\/style>\n<div  class='avia-image-container av-m1gc21pu-dc9c411114fda40d0eb892a69957aa61 av-styling-circle av-img-linked avia-align-center  avia-builder-el-33  el_before_av_hr  avia-builder-el-first  foto-equipo-fullsize'   itemprop=\"image\" itemscope=\"itemscope\" itemtype=\"https:\/\/schema.org\/ImageObject\" ><div class=\"avia-image-container-inner\"><div class=\"avia-image-overlay-wrap\"><a href=\"https:\/\/drarebeccaordovas.com\/wp-content\/uploads\/2025\/03\/Fran-OK-579x1030.png\" data-srcset=\"https:\/\/drarebeccaordovas.com\/wp-content\/uploads\/2025\/03\/Fran-OK-579x1030.png 579w, https:\/\/drarebeccaordovas.com\/wp-content\/uploads\/2025\/03\/Fran-OK-169x300.png 169w, https:\/\/drarebeccaordovas.com\/wp-content\/uploads\/2025\/03\/Fran-OK-768x1365.png 768w, https:\/\/drarebeccaordovas.com\/wp-content\/uploads\/2025\/03\/Fran-OK-864x1536.png 864w, https:\/\/drarebeccaordovas.com\/wp-content\/uploads\/2025\/03\/Fran-OK-844x1500.png 844w, https:\/\/drarebeccaordovas.com\/wp-content\/uploads\/2025\/03\/Fran-OK-397x705.png 397w, https:\/\/drarebeccaordovas.com\/wp-content\/uploads\/2025\/03\/Fran-OK.png 1080w\" data-sizes=\"(max-width: 579px) 100vw, 579px\" class='avia_image '  aria-label='Fran OK'><img decoding=\"async\" fetchpriority=\"high\" class='wp-image-2575 avia-img-lazy-loading-not-2575 avia_image ' src=\"https:\/\/drarebeccaordovas.com\/wp-content\/uploads\/2025\/03\/Fran-OK-169x300.png\" alt='' title='Fran OK'  height=\"300\" width=\"169\"  itemprop=\"thumbnailUrl\" srcset=\"https:\/\/drarebeccaordovas.com\/wp-content\/uploads\/2025\/03\/Fran-OK-169x300.png 169w, https:\/\/drarebeccaordovas.com\/wp-content\/uploads\/2025\/03\/Fran-OK-579x1030.png 579w, https:\/\/drarebeccaordovas.com\/wp-content\/uploads\/2025\/03\/Fran-OK-768x1365.png 768w, https:\/\/drarebeccaordovas.com\/wp-content\/uploads\/2025\/03\/Fran-OK-864x1536.png 864w, https:\/\/drarebeccaordovas.com\/wp-content\/uploads\/2025\/03\/Fran-OK-844x1500.png 844w, https:\/\/drarebeccaordovas.com\/wp-content\/uploads\/2025\/03\/Fran-OK-397x705.png 397w, https:\/\/drarebeccaordovas.com\/wp-content\/uploads\/2025\/03\/Fran-OK.png 1080w\" sizes=\"(max-width: 169px) 100vw, 169px\" \/><\/a><\/div><\/div><\/div><br \/>\n\n<style type=\"text\/css\" data-created_by=\"avia_inline_auto\" id=\"style-css-av-aelge-61746684ea8f9767474ed26285a7d7c0\">\n#top .hr.hr-invisible.av-aelge-61746684ea8f9767474ed26285a7d7c0{\nheight:40px;\n}\n<\/style>\n<div  class='hr av-aelge-61746684ea8f9767474ed26285a7d7c0 hr-invisible  avia-builder-el-34  el_after_av_image  avia-builder-el-last '><span class='hr-inner '><span class=\"hr-inner-style\"><\/span><\/span><\/div><\/p><\/div><div  class='flex_column av-otkbq-21f63b5988cc48e91510d221134d9b89 av_three_fifth  avia-builder-el-35  el_after_av_two_fifth  el_before_av_one_full  flex_column_div  '     ><p><section  class='av_textblock_section av-m1gc1em8-bec821f59c74708a256d89919dbe83d1 '   itemscope=\"itemscope\" itemtype=\"https:\/\/schema.org\/CreativeWork\" ><div class='avia_textblock'  itemprop=\"text\" ><p><strong>Dr Francisco Javier Recio Valcarce Paediatric Respiratory Medicine and Allergy<\/strong><\/p>\n<p data-start=\"0\" data-end=\"368\">During his fourth year of Paediatrics training, Dr Francisco Recio chose to focus his career on Paediatric Respiratory Medicine and Allergy. He completed his subspecialty training at Ram\u00f3n y Cajal University Hospital in Madrid and undertook external rotations at 12 de Octubre University Hospital in Madrid and Son Espases University Hospital in Palma de Mallorca.<\/p>\n<p data-start=\"370\" data-end=\"588\" data-is-last-node=\"\" data-is-only-node=\"\">His aim has been to develop expertise in both fields due to the close relationship between them, as a <strong data-start=\"472\" data-end=\"502\">multidisciplinary approach<\/strong> allows for more effective management of both <strong data-start=\"548\" data-end=\"587\">respiratory and allergic conditions<\/strong>.<\/p>\n<\/div><\/section><br \/>\n\n<style type=\"text\/css\" data-created_by=\"avia_inline_auto\" id=\"style-css-av-npc0u-b38577307529c7a6c9e51c6da81c8658\">\n#top .hr.hr-invisible.av-npc0u-b38577307529c7a6c9e51c6da81c8658{\nheight:40px;\n}\n<\/style>\n<div  class='hr av-npc0u-b38577307529c7a6c9e51c6da81c8658 hr-invisible  avia-builder-el-37  el_after_av_textblock  avia-builder-el-last '><span class='hr-inner '><span class=\"hr-inner-style\"><\/span><\/span><\/div><\/p><\/div><div  class='flex_column av-32lk8b-8c02f4810293473ba04b9ef1a611cca1 av_one_full  avia-builder-el-38  el_after_av_three_fifth  el_before_av_one_half  first flex_column_div  '     ><p>\n<style type=\"text\/css\" data-created_by=\"avia_inline_auto\" id=\"style-css-av-min3kdmy-a9d02c38c722016322025b20bf3d2443\">\n#top .av-special-heading.av-min3kdmy-a9d02c38c722016322025b20bf3d2443{\npadding-bottom:10px;\ncolor:#126c8f;\n}\nbody .av-special-heading.av-min3kdmy-a9d02c38c722016322025b20bf3d2443 .av-special-heading-tag .heading-char{\nfont-size:25px;\n}\n.av-special-heading.av-min3kdmy-a9d02c38c722016322025b20bf3d2443 .special-heading-inner-border{\nborder-color:#126c8f;\n}\n.av-special-heading.av-min3kdmy-a9d02c38c722016322025b20bf3d2443 .av-subheading{\nfont-size:20px;\n}\n<\/style>\n<div  class='av-special-heading av-min3kdmy-a9d02c38c722016322025b20bf3d2443 av-special-heading-h2 custom-color-heading blockquote modern-quote  avia-builder-el-39  el_before_av_textblock  avia-builder-el-first '><h2 class='av-special-heading-tag '  itemprop=\"headline\"  >Benefits of combining Paediatric Respiratory Medicine and Allergy<\/h2><div class=\"special-heading-border\"><div class=\"special-heading-inner-border\"><\/div><\/div><\/div><br \/>\n<section  class='av_textblock_section av-min3kz1a-b81a5871e2c431a95a7bb1d0f6b972e1 '   itemscope=\"itemscope\" itemtype=\"https:\/\/schema.org\/CreativeWork\" ><div class='avia_textblock'  itemprop=\"text\" ><p>Providing combined paediatric allergy and respiratory care has a clear practical benefit, as a large proportion of childhood allergies present with respiratory symptoms such as rhinitis, cough, asthma, or episodes of breathing difficulty.<\/p>\n<p>Numerous clinical guidelines and studies highlight the strong connection between allergic inflammation in the upper airways (such as the nose) and the development or worsening of lower airway conditions (such as asthma).<\/p>\n<p>Offering an integrated service allows us to:<\/p>\n<ul>\n<li>Assess and treat both the allergic cause and its respiratory consequences<\/li>\n<li>Provide a comprehensive and personalised approach, reducing fragmented care<\/li>\n<li>Identify comorbidities (e.g. asthma and allergic rhinitis) and manage them in a coordinated way<\/li>\n<li>Improve quality of life for both the child and their family, with fewer hospital visits, greater convenience, and more effective follow-up<\/li>\n<\/ul>\n<\/div><\/section><\/p><\/div><div class='flex_column_table av-7xdzux-d34dc0c77c786d6b1f719d33ab26166f sc-av_one_half av-equal-height-column-flextable'><div  class='flex_column av-7xdzux-d34dc0c77c786d6b1f719d33ab26166f av_one_half  avia-builder-el-41  el_after_av_one_full  el_before_av_one_full  first flex_column_table_cell av-equal-height-column av-align-middle  column-top-margin'     ><p>\n<style type=\"text\/css\" data-created_by=\"avia_inline_auto\" id=\"style-css-av-mg6skxgg-595f6ce2c589e5ebb5491f96743c7a78\">\n#top .av-special-heading.av-mg6skxgg-595f6ce2c589e5ebb5491f96743c7a78{\npadding-bottom:10px;\ncolor:#126c8f;\n}\nbody .av-special-heading.av-mg6skxgg-595f6ce2c589e5ebb5491f96743c7a78 .av-special-heading-tag .heading-char{\nfont-size:25px;\n}\n.av-special-heading.av-mg6skxgg-595f6ce2c589e5ebb5491f96743c7a78 .special-heading-inner-border{\nborder-color:#126c8f;\n}\n.av-special-heading.av-mg6skxgg-595f6ce2c589e5ebb5491f96743c7a78 .av-subheading{\nfont-size:20px;\n}\n<\/style>\n<div  class='av-special-heading av-mg6skxgg-595f6ce2c589e5ebb5491f96743c7a78 av-special-heading-h2 custom-color-heading blockquote modern-quote  avia-builder-el-42  el_before_av_textblock  avia-builder-el-first '><h2 class='av-special-heading-tag '  itemprop=\"headline\"  >Benefits of a home respiratory consultation<\/h2><div class=\"special-heading-border\"><div class=\"special-heading-inner-border\"><\/div><\/div><\/div><br \/>\n<section  class='av_textblock_section av-mg6slnf5-de1e73b5234023fa1b856d4d2997cff4 '   itemscope=\"itemscope\" itemtype=\"https:\/\/schema.org\/CreativeWork\" ><div class='avia_textblock'  itemprop=\"text\" ><ul>\n<li>Avoid unnecessary travel and waiting times at clinics<\/li>\n<li>Care in a familiar environment, reducing stress for the child<\/li>\n<li>More accurate and timely diagnosis in the patient\u2019s real-life setting<\/li>\n<li>Flexible scheduling and follow-up visits<\/li>\n<li>Coordination with other specialists from Equipo M\u00e9dico Ordov\u00e1s when needed<\/li>\n<li>Closer, continuous follow-up with fewer interruptions<\/li>\n<\/ul>\n<\/div><\/section><br \/>\n\n<style type=\"text\/css\" data-created_by=\"avia_inline_auto\" id=\"style-css-av-5cnqe1-69f987204ca56307eac151abe59161d9\">\n#top .hr.hr-invisible.av-5cnqe1-69f987204ca56307eac151abe59161d9{\nheight:10px;\n}\n<\/style>\n<div  class='hr av-5cnqe1-69f987204ca56307eac151abe59161d9 hr-invisible  avia-builder-el-44  el_after_av_textblock  el_before_av_codeblock '><span class='hr-inner '><span class=\"hr-inner-style\"><\/span><\/span><\/div><br \/>\n<\/p><\/div><\/div><!--close column table wrapper. Autoclose: 1 -->\n<style type=\"text\/css\" data-created_by=\"avia_inline_auto\" id=\"style-css-av-5r26fa-09fcd59f65f3b5d6e29b7bc33538b5e3\">\n.flex_column.av-5r26fa-09fcd59f65f3b5d6e29b7bc33538b5e3{\nwidth:100%;\n}\n<\/style>\n<div  class='flex_column av-5r26fa-09fcd59f65f3b5d6e29b7bc33538b5e3 av_one_full  avia-builder-el-46  el_after_av_one_half  avia-builder-el-last  contenedor-tabla familia-pediatria first flex_column_div  column-top-margin'     ><p>\n<style type=\"text\/css\" data-created_by=\"avia_inline_auto\" id=\"style-css-av-meucoi1k-2d627229af89fc08a968a992e910bf6c\">\n#top .av-special-heading.av-meucoi1k-2d627229af89fc08a968a992e910bf6c{\npadding-bottom:10px;\n}\nbody .av-special-heading.av-meucoi1k-2d627229af89fc08a968a992e910bf6c .av-special-heading-tag .heading-char{\nfont-size:25px;\n}\n.av-special-heading.av-meucoi1k-2d627229af89fc08a968a992e910bf6c .av-subheading{\nfont-size:30px;\n}\n<\/style>\n<div  class='av-special-heading av-meucoi1k-2d627229af89fc08a968a992e910bf6c av-special-heading-h2  avia-builder-el-47  el_before_av_table  avia-builder-el-first '><h2 class='av-special-heading-tag '  itemprop=\"headline\"  >TARIFAS<\/h2><div class=\"special-heading-border\"><div class=\"special-heading-inner-border\"><\/div><\/div><\/div><br \/>\n<div class='avia-data-table-wrap av-5id3la-8c41b7d51c9cb94eec3da8ef28025ad5 avia_responsive_table avia-table-1'><table  class='avia-table avia-data-table avia_pricing_default  avia-builder-el-48  el_after_av_heading  el_before_av_table  tabla-precios azul'  itemscope=\"itemscope\" itemtype=\"https:\/\/schema.org\/Table\" ><tbody><tr class='avia-heading-row'><th class=''>ESPECIALIDADES M\u00c9DICO-QUIR\u00daRGICAS<\/th><th class=''>8AM A 8PM DE LUNES A VIERNES NO FESTIVOS<\/th><th class=''>FINES DE SEMANA, FESTIVOS Y HORARIO NOCTURNO (8PM A 8AM)<\/th><\/tr><tr class=''><td class=''>Consulta<\/td><td class=''>160 \u20ac<\/td><td class=''>180 \u20ac<\/td><\/tr><tr class=''><td class=''>Paciente adicional<\/td><td class=''>80 \u20ac<\/td><td class=''>80 \u20ac<\/td><\/tr><tr class=''><td class=''>Consulta telem\u00e1tica<\/td><td class=''>80 \u20ac<\/td><td class=''>100 \u20ac<\/td><\/tr><\/tbody><\/table><\/div><style type='text\/css'>.avia-table-1 td:nth-of-type(1):before { content: 'ESPECIALIDADES M\u00c9DICO-QUIR\u00daRGICAS'; } .avia-table-1 td:nth-of-type(2):before { content: '8AM A 8PM DE LUNES A VIERNES NO FESTIVOS'; } .avia-table-1 td:nth-of-type(3):before { content: 'FINES DE SEMANA, FESTIVOS Y HORARIO NOCTURNO (8PM A 8AM)'; } <\/style><br \/>\n<div class='avia-data-table-wrap av-2seaba-90178c21ff2fb566439cd4c4b73406aa avia_responsive_table avia-table-2'><table  class='avia-table avia-data-table avia_pricing_default  avia-builder-el-49  el_after_av_table  avia-builder-el-last  tabla-precios naranja'  itemscope=\"itemscope\" itemtype=\"https:\/\/schema.org\/Table\" ><tbody><tr class='avia-heading-row'><th class=''>SUPLEMENTOS<\/th><th class=''><\/th><\/tr><tr class=''><td class=''>Visita a domicilio entre M40 -M50<\/td><td class=''>+30 \u20ac<\/td><\/tr><tr class=''><td class=''>Visita a domicilio fuera de M50 (dentro de la Comunidad de Madrid)<\/td><td class=''>+60 \u20ac<\/td><\/tr><tr class=''><td class=''>Pruebas complementarias (ej: test gripe, COVID, estreptococo, tira de orina, etc)<\/td><td class=''>+30 \u20ac<\/td><\/tr><tr class=''><td class=''>Administraci\u00f3n de inyectables (el profesional proporcionar\u00eda una receta para que el paciente lo adquiera en una farmacia previamente)<\/td><td class=''>+30 \u20ac<\/td><\/tr><\/tbody><\/table><\/div><style type='text\/css'>.avia-table-2 td:nth-of-type(1):before { content: 'SUPLEMENTOS'; } .avia-table-2 td:nth-of-type(2):before { content: ''; } <\/style><\/p><\/div>\n<\/div><\/div><\/div><!-- close content main div --><\/div><\/div><div id='after_section_4'  class='main_color av_default_container_wrap container_wrap sidebar_right'  ><div class='container av-section-cont-open' ><div class='template-page content  av-content-small alpha units'><div class='post-entry post-entry-type-page post-entry-4546'><div class='entry-content-wrapper clearfix'>\n<section  class='av_textblock_section av-nla6u-ca8812975306a044802748d6cd550b3f '   itemscope=\"itemscope\" itemtype=\"https:\/\/schema.org\/CreativeWork\" ><div class='avia_textblock'  itemprop=\"text\" ><p style=\"text-align: center;\" data-start=\"0\" data-end=\"109\"><strong data-start=\"0\" data-end=\"109\">If you have any questions or would like to book a home visit, contact us via WhatsApp at +34 679 173 648.<\/strong><\/p>\n<p style=\"text-align: center;\" data-start=\"111\" data-end=\"174\" data-is-last-node=\"\" data-is-only-node=\"\">Or book an appointment directly through the following link:<\/p>\n<p style=\"text-align: center;\"><a href=\"https:\/\/citas.drarebeccaordovas.com\/\">citas.drarebeccaordovas.com<\/a><\/p>\n<\/div><\/section>\n\n<style type=\"text\/css\" data-created_by=\"avia_inline_auto\" id=\"style-css-av-g3r9a-100a517063474c305a63b9a4de3c4116\">\n.avia-buttonrow-wrap.av-g3r9a-100a517063474c305a63b9a4de3c4116 .avia-button{\nfont-size:20px;\n}\n<\/style>\n<div  class='avia-buttonrow-wrap av-g3r9a-100a517063474c305a63b9a4de3c4116 avia-buttonrow-center  avia-builder-el-51  el_after_av_textblock  el_before_av_codeblock  boton-naranja'>\n\n<style type=\"text\/css\" data-created_by=\"avia_inline_auto\" id=\"style-css-av-9yyye-ddcf77ac78ffd13b68f41f3a143c9b3e\">\n#top #wrap_all .avia-button.av-9yyye-ddcf77ac78ffd13b68f41f3a143c9b3e{\nborder-style:none;\nborder-radius:8px 8px 8px 8px;\ntransition:all 0.4s ease-in-out;\nmargin-bottom:5px;\nmargin-right:3px;\nmargin-left:3px;\n}\n#top #wrap_all .avia-button.av-9yyye-ddcf77ac78ffd13b68f41f3a143c9b3e:hover{\ncolor:white;\ntransition:all 0.4s ease-in-out;\n}\n#top #wrap_all .avia-button.av-9yyye-ddcf77ac78ffd13b68f41f3a143c9b3e:hover .avia_button_background{\nborder-radius:8px 8px 8px 8px;\n}\n<\/style>\n<a href='https:\/\/drarebeccaordovas.com\/contacto\/'  class='avia-button av-9yyye-ddcf77ac78ffd13b68f41f3a143c9b3e avia-icon_select-no avia-size-large avia-color-orange avia-font-color-theme-color'   aria-label=\"PIDE CITA\"><span class='avia_iconbox_title' >PIDE CITA<\/span><span class='avia_button_background avia-button avia-color-theme-color-highlight' ><\/span><\/a>\n<\/div>\n\n\n","protected":false},"excerpt":{"rendered":"","protected":false},"author":1,"featured_media":0,"parent":0,"menu_order":0,"comment_status":"closed","ping_status":"closed","template":"","meta":{"_acf_changed":false,"_joinchat":[],"footnotes":""},"class_list":["post-4546","page","type-page","status-publish","hentry"],"acf":[],"yoast_head":"<!-- This site is optimized with the Yoast SEO plugin v26.8 - https:\/\/yoast.com\/product\/yoast-seo-wordpress\/ -->\n<title>Paediatric Respiratory Medicine Home Visits in Madrid |<\/title>\n<meta name=\"description\" content=\"Specialist paediatric respiratory care in Madrid with Equipo M\u00e9dico Ordov\u00e1s | Home and remote respiratory consultations\" \/>\n<meta name=\"robots\" content=\"index, follow, max-snippet:-1, max-image-preview:large, max-video-preview:-1\" \/>\n<link rel=\"canonical\" href=\"https:\/\/drarebeccaordovas.com\/en\/paediatric-respiratory-medicine-home-visits\/\" \/>\n<script type=\"application\/ld+json\" class=\"yoast-schema-graph\">{\"@context\":\"https:\/\/schema.org\",\"@graph\":[{\"@type\":\"WebPage\",\"@id\":\"https:\/\/drarebeccaordovas.com\/en\/paediatric-respiratory-medicine-home-visits\/\",\"url\":\"https:\/\/drarebeccaordovas.com\/en\/paediatric-respiratory-medicine-home-visits\/\",\"name\":\"Paediatric Respiratory Medicine Home Visits in Madrid |\",\"isPartOf\":{\"@id\":\"https:\/\/drarebeccaordovas.com\/#website\"},\"datePublished\":\"2025-10-21T06:04:08+00:00\",\"dateModified\":\"2026-04-29T20:26:11+00:00\",\"description\":\"Specialist paediatric respiratory care in Madrid with Equipo M\u00e9dico Ordov\u00e1s | Home and remote respiratory consultations\",\"breadcrumb\":{\"@id\":\"https:\/\/drarebeccaordovas.com\/en\/paediatric-respiratory-medicine-home-visits\/#breadcrumb\"},\"inLanguage\":\"en-US\",\"potentialAction\":[{\"@type\":\"ReadAction\",\"target\":[\"https:\/\/drarebeccaordovas.com\/en\/paediatric-respiratory-medicine-home-visits\/\"]}]},{\"@type\":\"BreadcrumbList\",\"@id\":\"https:\/\/drarebeccaordovas.com\/en\/paediatric-respiratory-medicine-home-visits\/#breadcrumb\",\"itemListElement\":[{\"@type\":\"ListItem\",\"position\":1,\"name\":\"Portada\",\"item\":\"https:\/\/drarebeccaordovas.com\/en\/home\/\"},{\"@type\":\"ListItem\",\"position\":2,\"name\":\"Paediatric Respiratory Medicine Home Visits in Madrid\"}]},{\"@type\":\"WebSite\",\"@id\":\"https:\/\/drarebeccaordovas.com\/#website\",\"url\":\"https:\/\/drarebeccaordovas.com\/\",\"name\":\"Equipo M\u00e9dico Ordov\u00e1s\",\"description\":\"Medicina a domicilio\",\"publisher\":{\"@id\":\"https:\/\/drarebeccaordovas.com\/#organization\"},\"alternateName\":\"Equipo M\u00e9dico Ordov\u00e1s\",\"potentialAction\":[{\"@type\":\"SearchAction\",\"target\":{\"@type\":\"EntryPoint\",\"urlTemplate\":\"https:\/\/drarebeccaordovas.com\/?s={search_term_string}\"},\"query-input\":{\"@type\":\"PropertyValueSpecification\",\"valueRequired\":true,\"valueName\":\"search_term_string\"}}],\"inLanguage\":\"en-US\"},{\"@type\":\"Organization\",\"@id\":\"https:\/\/drarebeccaordovas.com\/#organization\",\"name\":\"Equipo M\u00e9dico Ordov\u00e1s\",\"url\":\"https:\/\/drarebeccaordovas.com\/\",\"logo\":{\"@type\":\"ImageObject\",\"inLanguage\":\"en-US\",\"@id\":\"https:\/\/drarebeccaordovas.com\/#\/schema\/logo\/image\/\",\"url\":\"https:\/\/drarebeccaordovas.com\/wp-content\/uploads\/2023\/07\/logo-Ordovas-white-1.png\",\"contentUrl\":\"https:\/\/drarebeccaordovas.com\/wp-content\/uploads\/2023\/07\/logo-Ordovas-white-1.png\",\"width\":1200,\"height\":482,\"caption\":\"Equipo M\u00e9dico Ordov\u00e1s\"},\"image\":{\"@id\":\"https:\/\/drarebeccaordovas.com\/#\/schema\/logo\/image\/\"},\"sameAs\":[\"https:\/\/www.instagram.com\/drarebeccaordovas\/\"]}]}<\/script>\n<!-- \/ Yoast SEO plugin. -->","yoast_head_json":{"title":"Paediatric Respiratory Medicine Home Visits in Madrid |","description":"Specialist paediatric respiratory care in Madrid with Equipo M\u00e9dico Ordov\u00e1s | Home and remote respiratory consultations","robots":{"index":"index","follow":"follow","max-snippet":"max-snippet:-1","max-image-preview":"max-image-preview:large","max-video-preview":"max-video-preview:-1"},"canonical":"https:\/\/drarebeccaordovas.com\/en\/paediatric-respiratory-medicine-home-visits\/","schema":{"@context":"https:\/\/schema.org","@graph":[{"@type":"WebPage","@id":"https:\/\/drarebeccaordovas.com\/en\/paediatric-respiratory-medicine-home-visits\/","url":"https:\/\/drarebeccaordovas.com\/en\/paediatric-respiratory-medicine-home-visits\/","name":"Paediatric Respiratory Medicine Home Visits in Madrid |","isPartOf":{"@id":"https:\/\/drarebeccaordovas.com\/#website"},"datePublished":"2025-10-21T06:04:08+00:00","dateModified":"2026-04-29T20:26:11+00:00","description":"Specialist paediatric respiratory care in Madrid with Equipo M\u00e9dico Ordov\u00e1s | Home and remote respiratory consultations","breadcrumb":{"@id":"https:\/\/drarebeccaordovas.com\/en\/paediatric-respiratory-medicine-home-visits\/#breadcrumb"},"inLanguage":"en-US","potentialAction":[{"@type":"ReadAction","target":["https:\/\/drarebeccaordovas.com\/en\/paediatric-respiratory-medicine-home-visits\/"]}]},{"@type":"BreadcrumbList","@id":"https:\/\/drarebeccaordovas.com\/en\/paediatric-respiratory-medicine-home-visits\/#breadcrumb","itemListElement":[{"@type":"ListItem","position":1,"name":"Portada","item":"https:\/\/drarebeccaordovas.com\/en\/home\/"},{"@type":"ListItem","position":2,"name":"Paediatric Respiratory Medicine Home Visits in Madrid"}]},{"@type":"WebSite","@id":"https:\/\/drarebeccaordovas.com\/#website","url":"https:\/\/drarebeccaordovas.com\/","name":"Equipo M\u00e9dico Ordov\u00e1s","description":"Medicina a domicilio","publisher":{"@id":"https:\/\/drarebeccaordovas.com\/#organization"},"alternateName":"Equipo M\u00e9dico Ordov\u00e1s","potentialAction":[{"@type":"SearchAction","target":{"@type":"EntryPoint","urlTemplate":"https:\/\/drarebeccaordovas.com\/?s={search_term_string}"},"query-input":{"@type":"PropertyValueSpecification","valueRequired":true,"valueName":"search_term_string"}}],"inLanguage":"en-US"},{"@type":"Organization","@id":"https:\/\/drarebeccaordovas.com\/#organization","name":"Equipo M\u00e9dico Ordov\u00e1s","url":"https:\/\/drarebeccaordovas.com\/","logo":{"@type":"ImageObject","inLanguage":"en-US","@id":"https:\/\/drarebeccaordovas.com\/#\/schema\/logo\/image\/","url":"https:\/\/drarebeccaordovas.com\/wp-content\/uploads\/2023\/07\/logo-Ordovas-white-1.png","contentUrl":"https:\/\/drarebeccaordovas.com\/wp-content\/uploads\/2023\/07\/logo-Ordovas-white-1.png","width":1200,"height":482,"caption":"Equipo M\u00e9dico Ordov\u00e1s"},"image":{"@id":"https:\/\/drarebeccaordovas.com\/#\/schema\/logo\/image\/"},"sameAs":["https:\/\/www.instagram.com\/drarebeccaordovas\/"]}]}},"_links":{"self":[{"href":"https:\/\/drarebeccaordovas.com\/en\/wp-json\/wp\/v2\/pages\/4546","targetHints":{"allow":["GET"]}}],"collection":[{"href":"https:\/\/drarebeccaordovas.com\/en\/wp-json\/wp\/v2\/pages"}],"about":[{"href":"https:\/\/drarebeccaordovas.com\/en\/wp-json\/wp\/v2\/types\/page"}],"author":[{"embeddable":true,"href":"https:\/\/drarebeccaordovas.com\/en\/wp-json\/wp\/v2\/users\/1"}],"replies":[{"embeddable":true,"href":"https:\/\/drarebeccaordovas.com\/en\/wp-json\/wp\/v2\/comments?post=4546"}],"version-history":[{"count":6,"href":"https:\/\/drarebeccaordovas.com\/en\/wp-json\/wp\/v2\/pages\/4546\/revisions"}],"predecessor-version":[{"id":4550,"href":"https:\/\/drarebeccaordovas.com\/en\/wp-json\/wp\/v2\/pages\/4546\/revisions\/4550"}],"wp:attachment":[{"href":"https:\/\/drarebeccaordovas.com\/en\/wp-json\/wp\/v2\/media?parent=4546"}],"curies":[{"name":"wp","href":"https:\/\/api.w.org\/{rel}","templated":true}]}}