{"id":4533,"date":"2026-01-14T18:14:46","date_gmt":"2026-01-14T17:14:46","guid":{"rendered":"https:\/\/drarebeccaordovas.com\/alergologia-pediatrica-a-domicilio\/"},"modified":"2026-04-29T19:47:46","modified_gmt":"2026-04-29T17:47:46","slug":"paediatric-allergy-home-visits","status":"publish","type":"page","link":"https:\/\/drarebeccaordovas.com\/en\/paediatric-allergy-home-visits\/","title":{"rendered":"Paediatric Allergy Home Visits in Madrid"},"content":{"rendered":"\n<style type=\"text\/css\" data-created_by=\"avia_inline_auto\" id=\"style-css-av-h5gie-96e72702cbcd1c2951620a72ecbe5735\">\n.avia-section.av-h5gie-96e72702cbcd1c2951620a72ecbe5735{\nbackground-color:#126c8f;\nbackground-image:unset;\n}\n.avia-section.av-h5gie-96e72702cbcd1c2951620a72ecbe5735 .av-section-color-overlay{\nopacity:1;\nbackground-image:url(https:\/\/drarebeccaordovas.com\/wp-content\/uploads\/2023\/07\/favicon-white-1.png);\nbackground-repeat:repeat;\n}\n<\/style>\n<div id='av_section_1'  class='avia-section av-h5gie-96e72702cbcd1c2951620a72ecbe5735 main_color avia-section-default avia-no-border-styling  avia-builder-el-0  el_before_av_section  avia-builder-el-first  cabecera avia-bg-style-scroll av-section-color-overlay-active av-minimum-height av-minimum-height-20 av-height-percent  container_wrap sidebar_right'   data-av_minimum_height_pc='20' data-av_min_height_opt='percent'><div class=\"av-section-color-overlay-wrap\"><div class=\"av-section-color-overlay\"><\/div><div class='container av-section-cont-open' ><main  role=\"main\" itemprop=\"mainContentOfPage\"  class='template-page content  av-content-small alpha units'><div class='post-entry post-entry-type-page post-entry-4533'><div class='entry-content-wrapper clearfix'>\n\n<style type=\"text\/css\" data-created_by=\"avia_inline_auto\" id=\"style-css-av-ljzrvzok-1bc61673db191423ca21dd0cb3ced067\">\n#top .av-special-heading.av-ljzrvzok-1bc61673db191423ca21dd0cb3ced067{\npadding-bottom:10px;\ncolor:#ffffff;\n}\nbody .av-special-heading.av-ljzrvzok-1bc61673db191423ca21dd0cb3ced067 .av-special-heading-tag .heading-char{\nfont-size:25px;\n}\n.av-special-heading.av-ljzrvzok-1bc61673db191423ca21dd0cb3ced067 .special-heading-inner-border{\nborder-color:#ffffff;\n}\n.av-special-heading.av-ljzrvzok-1bc61673db191423ca21dd0cb3ced067 .av-subheading{\nfont-size:20px;\n}\n<\/style>\n<div  class='av-special-heading av-ljzrvzok-1bc61673db191423ca21dd0cb3ced067 av-special-heading-h1 custom-color-heading blockquote modern-quote modern-centered  avia-builder-el-1  el_before_av_codeblock  avia-builder-el-first '><h1 class='av-special-heading-tag '  itemprop=\"headline\"  >Paediatric Allergy Home Visits in Madrid<\/h1><div class='av_custom_color av-subheading av-subheading_below'><p>Diagnosis and treatment of allergies in babies, children, and adolescents from the comfort of your home.<\/p>\n<\/div><div class=\"special-heading-border\"><div class=\"special-heading-inner-border\"><\/div><\/div><\/div>\n\n<\/div><\/div><\/main><!-- close content main element --><\/div><\/div><\/div><div id='av_section_2'  class='avia-section av-58ns6-10b62b6deced8e8f57d7abfcb62fd0c6 main_color avia-section-large avia-no-border-styling  avia-builder-el-3  el_after_av_section  el_before_av_section  avia-bg-style-scroll container_wrap sidebar_right'  ><div class='container av-section-cont-open' ><div class='template-page content  av-content-small alpha units'><div class='post-entry post-entry-type-page post-entry-4533'><div class='entry-content-wrapper clearfix'>\n<div  class='flex_column av-1010go9-e8488b40981e4124a41422f47a632e98 av_one_fourth  avia-builder-el-4  el_before_av_one_fourth  avia-builder-el-first  first flex_column_div av-hide-on-mobile  '     ><style type=\"text\/css\" data-created_by=\"avia_inline_auto\" id=\"style-css-av-mg6settc-6494cdf5c23010a9d209bc55c3983bb5\">\n.avia-image-container.av-mg6settc-6494cdf5c23010a9d209bc55c3983bb5 img.avia_image{\nbox-shadow:none;\n}\n.avia-image-container.av-mg6settc-6494cdf5c23010a9d209bc55c3983bb5 .av-image-caption-overlay-center{\ncolor:#ffffff;\n}\n<\/style>\n<div  class='avia-image-container av-mg6settc-6494cdf5c23010a9d209bc55c3983bb5 av-styling- avia-align-center  avia-builder-el-5  avia-builder-el-no-sibling '   itemprop=\"image\" itemscope=\"itemscope\" itemtype=\"https:\/\/schema.org\/ImageObject\" ><div class=\"avia-image-container-inner\"><div class=\"avia-image-overlay-wrap\"><img decoding=\"async\" fetchpriority=\"high\" class='wp-image-3633 avia-img-lazy-loading-not-3633 avia_image ' src=\"https:\/\/drarebeccaordovas.com\/wp-content\/uploads\/2025\/10\/casa-ico-2-2.png\" alt='' title='casa-ico-2'  height=\"124\" width=\"124\"  itemprop=\"thumbnailUrl\" srcset=\"https:\/\/drarebeccaordovas.com\/wp-content\/uploads\/2025\/10\/casa-ico-2-2.png 124w, https:\/\/drarebeccaordovas.com\/wp-content\/uploads\/2025\/10\/casa-ico-2-2-80x80.png 80w, https:\/\/drarebeccaordovas.com\/wp-content\/uploads\/2025\/10\/casa-ico-2-2-36x36.png 36w\" sizes=\"(max-width: 124px) 100vw, 124px\" \/><\/div><\/div><\/div><\/div><div  class='flex_column av-4sn515-0e5df4d087b19be289c2ba2ebbf520b7 av_one_fourth  avia-builder-el-6  el_after_av_one_fourth  el_before_av_one_fourth  flex_column_div av-hide-on-mobile  '     ><style type=\"text\/css\" data-created_by=\"avia_inline_auto\" id=\"style-css-av-36zy8p-fac7fce75b071e85125c525d06d97655\">\n.avia-image-container.av-36zy8p-fac7fce75b071e85125c525d06d97655 img.avia_image{\nbox-shadow:none;\n}\n.avia-image-container.av-36zy8p-fac7fce75b071e85125c525d06d97655 .av-image-caption-overlay-center{\ncolor:#ffffff;\n}\n<\/style>\n<div  class='avia-image-container av-36zy8p-fac7fce75b071e85125c525d06d97655 av-styling- avia-align-center  avia-builder-el-7  avia-builder-el-no-sibling '   itemprop=\"image\" itemscope=\"itemscope\" itemtype=\"https:\/\/schema.org\/ImageObject\" ><div class=\"avia-image-container-inner\"><div class=\"avia-image-overlay-wrap\"><img decoding=\"async\" fetchpriority=\"high\" class='wp-image-3628 avia-img-lazy-loading-not-3628 avia_image ' src=\"https:\/\/drarebeccaordovas.com\/wp-content\/uploads\/2025\/10\/doctor-domicilio-ico-2-1.png\" alt='' title='doctor-domicilio-ico-2'  height=\"125\" width=\"125\"  itemprop=\"thumbnailUrl\" srcset=\"https:\/\/drarebeccaordovas.com\/wp-content\/uploads\/2025\/10\/doctor-domicilio-ico-2-1.png 125w, https:\/\/drarebeccaordovas.com\/wp-content\/uploads\/2025\/10\/doctor-domicilio-ico-2-1-80x80.png 80w, https:\/\/drarebeccaordovas.com\/wp-content\/uploads\/2025\/10\/doctor-domicilio-ico-2-1-36x36.png 36w\" sizes=\"(max-width: 125px) 100vw, 125px\" \/><\/div><\/div><\/div><\/div><div  class='flex_column av-xdmluh-f520c5b89890c112b88910e6a89e2af5 av_one_fourth  avia-builder-el-8  el_after_av_one_fourth  el_before_av_one_fourth  flex_column_div av-hide-on-mobile  '     ><style type=\"text\/css\" data-created_by=\"avia_inline_auto\" id=\"style-css-av-mg6sfjtp-44891e2c532a13ae8d061fd897897d56\">\n.avia-image-container.av-mg6sfjtp-44891e2c532a13ae8d061fd897897d56 img.avia_image{\nbox-shadow:none;\n}\n.avia-image-container.av-mg6sfjtp-44891e2c532a13ae8d061fd897897d56 .av-image-caption-overlay-center{\ncolor:#ffffff;\n}\n<\/style>\n<div  class='avia-image-container av-mg6sfjtp-44891e2c532a13ae8d061fd897897d56 av-styling- avia-align-center  avia-builder-el-9  avia-builder-el-no-sibling '   itemprop=\"image\" itemscope=\"itemscope\" itemtype=\"https:\/\/schema.org\/ImageObject\" ><div class=\"avia-image-container-inner\"><div class=\"avia-image-overlay-wrap\"><img decoding=\"async\" fetchpriority=\"high\" class='wp-image-3621 avia-img-lazy-loading-not-3621 avia_image ' src=\"https:\/\/drarebeccaordovas.com\/wp-content\/uploads\/2025\/10\/madrid-alrededores-ico-2.png\" alt='' title='madrid-alrededores-ico-2'  height=\"124\" width=\"125\"  itemprop=\"thumbnailUrl\" srcset=\"https:\/\/drarebeccaordovas.com\/wp-content\/uploads\/2025\/10\/madrid-alrededores-ico-2.png 125w, https:\/\/drarebeccaordovas.com\/wp-content\/uploads\/2025\/10\/madrid-alrededores-ico-2-80x80.png 80w, https:\/\/drarebeccaordovas.com\/wp-content\/uploads\/2025\/10\/madrid-alrededores-ico-2-36x36.png 36w\" sizes=\"(max-width: 125px) 100vw, 125px\" \/><\/div><\/div><\/div><\/div><div  class='flex_column av-whm4nd-536215488d428afae3e570a7a04a0cfd av_one_fourth  avia-builder-el-10  el_after_av_one_fourth  el_before_av_one_half  flex_column_div av-hide-on-mobile  '     ><style type=\"text\/css\" data-created_by=\"avia_inline_auto\" id=\"style-css-av-mg6sg6d7-96f02d4b168ee5545084b76b603d1be7\">\n.avia-image-container.av-mg6sg6d7-96f02d4b168ee5545084b76b603d1be7 img.avia_image{\nbox-shadow:none;\n}\n.avia-image-container.av-mg6sg6d7-96f02d4b168ee5545084b76b603d1be7 .av-image-caption-overlay-center{\ncolor:#ffffff;\n}\n<\/style>\n<div  class='avia-image-container av-mg6sg6d7-96f02d4b168ee5545084b76b603d1be7 av-styling- avia-align-center  avia-builder-el-11  avia-builder-el-no-sibling '   itemprop=\"image\" itemscope=\"itemscope\" itemtype=\"https:\/\/schema.org\/ImageObject\" ><div class=\"avia-image-container-inner\"><div class=\"avia-image-overlay-wrap\"><img decoding=\"async\" fetchpriority=\"high\" class='wp-image-3618 avia-img-lazy-loading-not-3618 avia_image ' src=\"https:\/\/drarebeccaordovas.com\/wp-content\/uploads\/2025\/10\/atencion-telf-ico-2.png\" alt='' title='atencion-telf-ico-2'  height=\"124\" width=\"125\"  itemprop=\"thumbnailUrl\" srcset=\"https:\/\/drarebeccaordovas.com\/wp-content\/uploads\/2025\/10\/atencion-telf-ico-2.png 125w, https:\/\/drarebeccaordovas.com\/wp-content\/uploads\/2025\/10\/atencion-telf-ico-2-80x80.png 80w, https:\/\/drarebeccaordovas.com\/wp-content\/uploads\/2025\/10\/atencion-telf-ico-2-36x36.png 36w\" sizes=\"(max-width: 125px) 100vw, 125px\" \/><\/div><\/div><\/div><\/div><div class='flex_column_table av-16mnsu-1d33e2fff3e80b5f7c7adf038a72dfd0 sc-av_one_half av-equal-height-column-flextable'><div  class='flex_column av-16mnsu-1d33e2fff3e80b5f7c7adf038a72dfd0 av_one_half  avia-builder-el-12  el_after_av_one_fourth  el_before_av_one_half  first flex_column_table_cell av-equal-height-column av-align-middle  column-top-margin'     ><p>\n<style type=\"text\/css\" data-created_by=\"avia_inline_auto\" id=\"style-css-av-ljzs4blx-681fd1a06e4441d33c0a64f73be49a81\">\n#top .av-special-heading.av-ljzs4blx-681fd1a06e4441d33c0a64f73be49a81{\npadding-bottom:10px;\ncolor:#126c8f;\n}\nbody .av-special-heading.av-ljzs4blx-681fd1a06e4441d33c0a64f73be49a81 .av-special-heading-tag .heading-char{\nfont-size:25px;\n}\n.av-special-heading.av-ljzs4blx-681fd1a06e4441d33c0a64f73be49a81 .special-heading-inner-border{\nborder-color:#126c8f;\n}\n.av-special-heading.av-ljzs4blx-681fd1a06e4441d33c0a64f73be49a81 .av-subheading{\nfont-size:20px;\n}\n<\/style>\n<div  class='av-special-heading av-ljzs4blx-681fd1a06e4441d33c0a64f73be49a81 av-special-heading-h2 custom-color-heading blockquote modern-quote  avia-builder-el-13  el_before_av_textblock  avia-builder-el-first '><h2 class='av-special-heading-tag '  itemprop=\"headline\"  >What is paediatric allergy?<\/h2><div class=\"special-heading-border\"><div class=\"special-heading-inner-border\"><\/div><\/div><\/div><br \/>\n<section  class='av_textblock_section av-ljzs675q-039c47482d01f58e51ec82b0738cb58b '   itemscope=\"itemscope\" itemtype=\"https:\/\/schema.org\/CreativeWork\" ><div class='avia_textblock'  itemprop=\"text\" ><p data-start=\"0\" data-end=\"360\"><strong>Paediatric allergy<\/strong> is the medical specialty focused on the identification and treatment of allergic and immunological conditions in children and adolescents, ranging from food and respiratory allergies to associated atopic skin disorders. Our home-based service allows for a close assessment and a treatment plan tailored to the child\u2019s family environment.<\/p>\n<p data-start=\"362\" data-end=\"634\">Closely linked to paediatric respiratory medicine, it evaluates immune system reactions affecting the airways, such as <strong data-start=\"481\" data-end=\"558\">allergic rhinitis, environmental sensitivities, and respiratory allergies<\/strong>. It also includes <strong data-start=\"577\" data-end=\"631\">food allergies, skin allergies, and drug reactions<\/strong>.<\/p>\n<p data-start=\"636\" data-end=\"758\" data-is-last-node=\"\" data-is-only-node=\"\">This <strong data-start=\"641\" data-end=\"671\">multidisciplinary approach<\/strong> enables a more effective management of paediatric respiratory and allergic conditions.<\/p>\n<\/div><\/section><br \/>\n\n<style type=\"text\/css\" data-created_by=\"avia_inline_auto\" id=\"style-css-av-13lmna-b71c02853c43f0ff1026fd2492ea2d54\">\n#top .hr.hr-invisible.av-13lmna-b71c02853c43f0ff1026fd2492ea2d54{\nheight:10px;\n}\n<\/style>\n<div  class='hr av-13lmna-b71c02853c43f0ff1026fd2492ea2d54 hr-invisible  avia-builder-el-15  el_after_av_textblock  el_before_av_codeblock '><span class='hr-inner '><span class=\"hr-inner-style\"><\/span><\/span><\/div><br \/>\n<\/p><\/div><div class='av-flex-placeholder'><\/div><div  class='flex_column av-utm2ax-1baced689bd93274a6e818261a5c41c8 av_one_half  avia-builder-el-17  el_after_av_one_half  avia-builder-el-last  flex_column_table_cell av-equal-height-column av-align-middle  column-top-margin'     ><style type=\"text\/css\" data-created_by=\"avia_inline_auto\" id=\"style-css-av-mg6qz8a3-f0233894426ddd3fb18576c2bbdfb128\">\n.avia-image-container.av-mg6qz8a3-f0233894426ddd3fb18576c2bbdfb128 img.avia_image{\nbox-shadow:none;\n}\n.avia-image-container.av-mg6qz8a3-f0233894426ddd3fb18576c2bbdfb128 .av-image-caption-overlay-center{\ncolor:#ffffff;\n}\n<\/style>\n<div  class='avia-image-container av-mg6qz8a3-f0233894426ddd3fb18576c2bbdfb128 av-styling- avia-align-center  avia-builder-el-18  avia-builder-el-no-sibling '   itemprop=\"image\" itemscope=\"itemscope\" itemtype=\"https:\/\/schema.org\/ImageObject\" ><div class=\"avia-image-container-inner\"><div class=\"avia-image-overlay-wrap\"><img decoding=\"async\" fetchpriority=\"high\" class='wp-image-4538 avia-img-lazy-loading-not-4538 avia_image ' src=\"https:\/\/drarebeccaordovas.com\/wp-content\/uploads\/2026\/01\/tratando-dermatitis-alergia-en-casa.webp\" alt='Alerg\u00f3logo pedi\u00e1trico trata dermatitis al\u00e9rgica de un ni\u00f1o en su casa' title='tratando-dermatitis-alergia-en-casa'  height=\"380\" width=\"570\"  itemprop=\"thumbnailUrl\" srcset=\"https:\/\/drarebeccaordovas.com\/wp-content\/uploads\/2026\/01\/tratando-dermatitis-alergia-en-casa.webp 570w, https:\/\/drarebeccaordovas.com\/wp-content\/uploads\/2026\/01\/tratando-dermatitis-alergia-en-casa-300x200.webp 300w\" sizes=\"(max-width: 570px) 100vw, 570px\" \/><\/div><\/div><\/div><\/div><\/div><!--close column table wrapper. Autoclose: 1 --><\/div><\/div><\/div><!-- close content main div --><\/div><\/div><div id='av_section_3'  class='avia-section av-thaqk9-7d6ac921eefc3258abf6259b6243e4e6 main_color avia-section-large avia-no-border-styling  avia-builder-el-19  el_after_av_section  el_before_av_one_third  avia-bg-style-scroll container_wrap sidebar_right'  ><div class='container av-section-cont-open' ><div class='template-page content  av-content-small alpha units'><div class='post-entry post-entry-type-page post-entry-4533'><div class='entry-content-wrapper clearfix'>\n<div  class='flex_column av-riuau1-455d26ada268984eed2d6915f5f8471e av_one_full  avia-builder-el-20  el_before_av_one_half  avia-builder-el-first  first flex_column_div  '     ><style type=\"text\/css\" data-created_by=\"avia_inline_auto\" id=\"style-css-av-mg6r0fzq-524de8d38ca7013f7931a6ea15b83dcd\">\n#top .av-special-heading.av-mg6r0fzq-524de8d38ca7013f7931a6ea15b83dcd{\npadding-bottom:10px;\ncolor:#126c8f;\n}\nbody .av-special-heading.av-mg6r0fzq-524de8d38ca7013f7931a6ea15b83dcd .av-special-heading-tag .heading-char{\nfont-size:25px;\n}\n.av-special-heading.av-mg6r0fzq-524de8d38ca7013f7931a6ea15b83dcd .special-heading-inner-border{\nborder-color:#126c8f;\n}\n.av-special-heading.av-mg6r0fzq-524de8d38ca7013f7931a6ea15b83dcd .av-subheading{\nfont-size:20px;\n}\n<\/style>\n<div  class='av-special-heading av-mg6r0fzq-524de8d38ca7013f7931a6ea15b83dcd av-special-heading-h2 custom-color-heading blockquote modern-quote modern-centered  avia-builder-el-21  avia-builder-el-no-sibling '><h2 class='av-special-heading-tag '  itemprop=\"headline\"  >Paediatric allergy treatments we provide at home<\/h2><div class=\"special-heading-border\"><div class=\"special-heading-inner-border\"><\/div><\/div><\/div><\/div><div  class='flex_column av-gunjs-3bb1587526003f988f1c194d9232f909 av_one_half  avia-builder-el-22  el_after_av_one_full  el_before_av_one_half  first flex_column_div  column-top-margin'     ><div  class='togglecontainer av-mmtfh3u8-1acd16038245c5a3fe764917e070aa82  avia-builder-el-23  avia-builder-el-no-sibling  toggle_close_all' >\n<section class='av_toggle_section av-mmtffi3p-a6a232f9e60563e533b3dc1c3d1fb061'  itemscope=\"itemscope\" itemtype=\"https:\/\/schema.org\/CreativeWork\" ><div role=\"tablist\" class=\"single_toggle\" data-tags=\"{All} \"  ><p id='toggle-toggle-id-1' data-fake-id='#toggle-id-1' class='toggler  av-title-above '  itemprop=\"headline\"  role='tab' tabindex='0' aria-controls='toggle-id-1' data-slide-speed=\"200\" data-title=\"Allergic asma\" data-title-open=\"\" data-aria_collapsed=\"Click to expand: Allergic asma\" data-aria_expanded=\"Click to collapse: Allergic asma\">Allergic asma<span class=\"toggle_icon\"><span class=\"vert_icon\"><\/span><span class=\"hor_icon\"><\/span><\/span><\/p><div id='toggle-id-1' aria-labelledby='toggle-toggle-id-1' role='region' class='toggle_wrap  av-title-above'  ><div class='toggle_content invers-color '  itemprop=\"text\" ><p>Triggered specifically by the inhalation of allergens (such as pollen, dust mites, or pet dander). Children may experience episodes of coughing, shortness of breath, chest tightness, and wheezing when exposed to the triggering allergen.<\/p>\n<\/div><\/div><\/div><\/section>\n<section class='av_toggle_section av-mmtfg81f-d0091972974ed753be80f559f039adf2'  itemscope=\"itemscope\" itemtype=\"https:\/\/schema.org\/CreativeWork\" ><div role=\"tablist\" class=\"single_toggle\" data-tags=\"{All} \"  ><p id='toggle-toggle-id-2' data-fake-id='#toggle-id-2' class='toggler  av-title-above '  itemprop=\"headline\"  role='tab' tabindex='0' aria-controls='toggle-id-2' data-slide-speed=\"200\" data-title=\"Food allergies\" data-title-open=\"\" data-aria_collapsed=\"Click to expand: Food allergies\" data-aria_expanded=\"Click to collapse: Food allergies\">Food allergies<span class=\"toggle_icon\"><span class=\"vert_icon\"><\/span><span class=\"hor_icon\"><\/span><\/span><\/p><div id='toggle-id-2' aria-labelledby='toggle-toggle-id-2' role='region' class='toggle_wrap  av-title-above'  ><div class='toggle_content invers-color '  itemprop=\"text\" ><p><strong data-start=\"0\" data-end=\"61\" data-is-only-node=\"\">The immune system overreacts to proteins in certain foods<\/strong> (commonly milk, eggs, fish, or nuts). Symptoms may include <strong data-start=\"121\" data-end=\"142\">hives (urticaria)<\/strong>, swelling of the lips or face, vomiting, diarrhoea, and, in severe cases, <strong data-start=\"217\" data-end=\"258\">breathing difficulties or anaphylaxis<\/strong>.<\/p>\n<\/div><\/div><\/div><\/section>\n<section class='av_toggle_section av-mmtfh1e3-e77431fb0e4c69a0071e4f9096cf8e16'  itemscope=\"itemscope\" itemtype=\"https:\/\/schema.org\/CreativeWork\" ><div role=\"tablist\" class=\"single_toggle\" data-tags=\"{All} \"  ><p id='toggle-toggle-id-3' data-fake-id='#toggle-id-3' class='toggler  av-title-above '  itemprop=\"headline\"  role='tab' tabindex='0' aria-controls='toggle-id-3' data-slide-speed=\"200\" data-title=\"Allergic dermatitis\" data-title-open=\"\" data-aria_collapsed=\"Click to expand: Allergic dermatitis\" data-aria_expanded=\"Click to collapse: Allergic dermatitis\">Allergic dermatitis<span class=\"toggle_icon\"><span class=\"vert_icon\"><\/span><span class=\"hor_icon\"><\/span><\/span><\/p><div id='toggle-id-3' aria-labelledby='toggle-toggle-id-3' role='region' class='toggle_wrap  av-title-above'  ><div class='toggle_content invers-color '  itemprop=\"text\" ><p>Caused by direct contact with an allergen or by an underlying allergic predisposition (atopic dermatitis). It is characterised by <strong data-start=\"155\" data-end=\"211\">redness, very dry skin, scaling, and intense itching<\/strong>, leading to eczema\u2014commonly seen on the cheeks in infants or in the folds of the elbows and knees in older children.<\/p>\n<\/div><\/div><\/div><\/section>\n<\/div><\/div><div  class='flex_column av-2u152g-ee9c9c6b7bbe67f221c093ac150cb308 av_one_half  avia-builder-el-24  el_after_av_one_half  avia-builder-el-last  flex_column_div  column-top-margin'     ><div  class='togglecontainer av-mmtfmrh5-d5dcb2b377e99598abf4822467f1df1e  avia-builder-el-25  avia-builder-el-no-sibling  toggle_close_all' >\n<section class='av_toggle_section av-mmtfl8z7-960eb1fd4a8b6639140154db592579ad'  itemscope=\"itemscope\" itemtype=\"https:\/\/schema.org\/CreativeWork\" ><div role=\"tablist\" class=\"single_toggle\" data-tags=\"{All} \"  ><p id='toggle-toggle-id-4' data-fake-id='#toggle-id-4' class='toggler  av-title-above '  itemprop=\"headline\"  role='tab' tabindex='0' aria-controls='toggle-id-4' data-slide-speed=\"200\" data-title=\"Insect sting allergy\" data-title-open=\"\" data-aria_collapsed=\"Click to expand: Insect sting allergy\" data-aria_expanded=\"Click to collapse: Insect sting allergy\">Insect sting allergy<span class=\"toggle_icon\"><span class=\"vert_icon\"><\/span><span class=\"hor_icon\"><\/span><\/span><\/p><div id='toggle-id-4' aria-labelledby='toggle-toggle-id-4' role='region' class='toggle_wrap  av-title-above'  ><div class='toggle_content invers-color '  itemprop=\"text\" ><p>Caused by an allergic reaction to insect venom, most commonly from bees and wasps. Symptoms may include widespread urticaria (hives), swelling beyond the site of the sting, difficulty breathing, dizziness, or anaphylaxis, which is a medical emergency.<\/p>\n<\/div><\/div><\/div><\/section>\n<section class='av_toggle_section av-mmtfm3py-bafbcdbf89ef529e9da03be41c7510ef'  itemscope=\"itemscope\" itemtype=\"https:\/\/schema.org\/CreativeWork\" ><div role=\"tablist\" class=\"single_toggle\" data-tags=\"{All} \"  ><p id='toggle-toggle-id-5' data-fake-id='#toggle-id-5' class='toggler  av-title-above '  itemprop=\"headline\"  role='tab' tabindex='0' aria-controls='toggle-id-5' data-slide-speed=\"200\" data-title=\"Allergic rhinitis \/ rhinoconjunctivitisAllergic rhinitis \/ rhinoconjunctivitis\" data-title-open=\"\" data-aria_collapsed=\"Click to expand: Allergic rhinitis \/ rhinoconjunctivitisAllergic rhinitis \/ rhinoconjunctivitis\" data-aria_expanded=\"Click to collapse: Allergic rhinitis \/ rhinoconjunctivitisAllergic rhinitis \/ rhinoconjunctivitis\">Allergic rhinitis \/ rhinoconjunctivitisAllergic rhinitis \/ rhinoconjunctivitis<span class=\"toggle_icon\"><span class=\"vert_icon\"><\/span><span class=\"hor_icon\"><\/span><\/span><\/p><div id='toggle-id-5' aria-labelledby='toggle-toggle-id-5' role='region' class='toggle_wrap  av-title-above'  ><div class='toggle_content invers-color '  itemprop=\"text\" ><p>Caused by airborne environmental allergens. Typical symptoms include repeated sneezing, clear, watery nasal discharge, nasal congestion, as well as itching, redness, and watery eyes.<\/p>\n<\/div><\/div><\/div><\/section>\n<section class='av_toggle_section av-mmtfmpos-1fc9fefd9ebaad6cf35b4c6861551295'  itemscope=\"itemscope\" itemtype=\"https:\/\/schema.org\/CreativeWork\" ><div role=\"tablist\" class=\"single_toggle\" data-tags=\"{All} \"  ><p id='toggle-toggle-id-6' data-fake-id='#toggle-id-6' class='toggler  av-title-above '  itemprop=\"headline\"  role='tab' tabindex='0' aria-controls='toggle-id-6' data-slide-speed=\"200\" data-title=\"Drug allergy\" data-title-open=\"\" data-aria_collapsed=\"Click to expand: Drug allergy\" data-aria_expanded=\"Click to collapse: Drug allergy\">Drug allergy<span class=\"toggle_icon\"><span class=\"vert_icon\"><\/span><span class=\"hor_icon\"><\/span><\/span><\/p><div id='toggle-id-6' aria-labelledby='toggle-toggle-id-6' role='region' class='toggle_wrap  av-title-above'  ><div class='toggle_content invers-color '  itemprop=\"text\" ><p>Usually occurs shortly after taking a medication, presenting with skin rashes, generalised itching, facial swelling, or, in more severe cases, breathing difficulties.<\/p>\n<\/div><\/div><\/div><\/section>\n<\/div><\/div><\/div><\/div><\/div><!-- close content main div --><\/div><\/div><div id='after_section_3'  class='main_color av_default_container_wrap container_wrap sidebar_right'  ><div class='container av-section-cont-open' ><div class='template-page content  av-content-small alpha units'><div class='post-entry post-entry-type-page post-entry-4533'><div class='entry-content-wrapper clearfix'><div  class='flex_column av-5z47h7-11d5711c12e7267fc12c5dea0a409c8a av_one_third  avia-builder-el-26  el_after_av_section  el_before_av_two_third  avia-builder-el-first  first flex_column_div  '     ><style type=\"text\/css\" data-created_by=\"avia_inline_auto\" id=\"style-css-av-mh05p82c-b6d2555193107ae284a7cbb546c926ee\">\n.avia-image-container.av-mh05p82c-b6d2555193107ae284a7cbb546c926ee img.avia_image{\nbox-shadow:none;\n}\n.avia-image-container.av-mh05p82c-b6d2555193107ae284a7cbb546c926ee .av-image-caption-overlay-center{\ncolor:#ffffff;\n}\n<\/style>\n<div  class='avia-image-container av-mh05p82c-b6d2555193107ae284a7cbb546c926ee av-styling- avia-align-center  avia-builder-el-27  avia-builder-el-no-sibling '   itemprop=\"image\" itemscope=\"itemscope\" itemtype=\"https:\/\/schema.org\/ImageObject\" ><div class=\"avia-image-container-inner\"><div class=\"avia-image-overlay-wrap\"><img decoding=\"async\" fetchpriority=\"high\" class='wp-image-4539 avia-img-lazy-loading-not-4539 avia_image ' src=\"https:\/\/drarebeccaordovas.com\/wp-content\/uploads\/2026\/01\/prueba-de-alergia.webp\" alt='M\u00e9dico con guantes realizando una prueba cut\u00e1nea de alergia en el brazo de una ni\u00f1a peque\u00f1a durante una consulta a domicilio.' title='prueba-de-alergia'  height=\"233\" width=\"350\"  itemprop=\"thumbnailUrl\" srcset=\"https:\/\/drarebeccaordovas.com\/wp-content\/uploads\/2026\/01\/prueba-de-alergia.webp 350w, https:\/\/drarebeccaordovas.com\/wp-content\/uploads\/2026\/01\/prueba-de-alergia-300x200.webp 300w\" sizes=\"(max-width: 350px) 100vw, 350px\" \/><\/div><\/div><\/div><\/div><\/p>\n<div  class='flex_column av-4j82e3-f94d2ea1dd57ace51fbef028feb4e075 av_two_third  avia-builder-el-28  el_after_av_one_third  el_before_av_section  avia-builder-el-last  flex_column_div  '     ><section  class='av_textblock_section av-mh058wyz-44abf35711ec9fcd90070b348ad28eb1 '   itemscope=\"itemscope\" itemtype=\"https:\/\/schema.org\/CreativeWork\" ><div class='avia_textblock'  itemprop=\"text\" ><h2>Which allergic conditions can be managed at home?<\/h2>\n<p data-start=\"55\" data-end=\"263\">Our <strong data-start=\"59\" data-end=\"94\">paediatric allergy home service<\/strong> is focused on the diagnosis, treatment, and follow-up of the most common allergic conditions in childhood, providing personalised care in the child\u2019s usual environment.<\/p>\n<p data-start=\"265\" data-end=\"503\">We manage <strong data-start=\"275\" data-end=\"294\">allergic asthma<\/strong>, including clinical assessment, identification of potential triggers, and the development of <strong data-start=\"388\" data-end=\"420\">individualised control plans<\/strong>, as well as family education on the correct use of inhalers and rescue medication.<\/p>\n<p data-start=\"505\" data-end=\"682\">We also assess <strong data-start=\"520\" data-end=\"538\">food allergies<\/strong>, through a detailed clinical history, evaluation of previous reactions, and clear guidance on avoidance and management of accidental exposures.<\/p>\n<p data-start=\"684\" data-end=\"977\">The service includes the management of <strong data-start=\"723\" data-end=\"756\">allergic or atopic dermatitis<\/strong>, with tailored skin care recommendations and flare prevention strategies, as well as the evaluation of <strong data-start=\"860\" data-end=\"886\">insect sting allergies<\/strong>, distinguishing between local and systemic reactions and establishing preventive measures.<\/p>\n<p data-start=\"979\" data-end=\"1307\" data-is-last-node=\"\" data-is-only-node=\"\">In addition, we diagnose and treat <strong data-start=\"1014\" data-end=\"1059\">allergic rhinitis and rhinoconjunctivitis<\/strong>, which are very common in children, providing advice on environmental control and pharmacological treatment. We also assess <strong data-start=\"1184\" data-end=\"1212\">suspected drug allergies<\/strong>, helping to identify the causative medications and establish safe alternatives for the future.<\/p>\n<\/div><\/section><\/div><\/div><\/div><\/div><!-- close content main div --><\/div><\/div><div id='section_equipo_servicio'  class='avia-section av-1aoa32-ded48de3eb226c497dd18e16c49be9ab main_color avia-section-default avia-no-border-styling  avia-builder-el-30  el_after_av_two_third  el_before_av_textblock  avia-bg-style-scroll container_wrap sidebar_right'  ><div class='container av-section-cont-open' ><div class='template-page content  av-content-small alpha units'><div class='post-entry post-entry-type-page post-entry-4533'><div class='entry-content-wrapper clearfix'>\n<div  class='flex_column av-mkcxj2w5-5099ac7a0327f7af40d67ebdc6496a6b av_one_third  avia-builder-el-31  el_before_av_two_third  avia-builder-el-first  first flex_column_div  '     ><style type=\"text\/css\" data-created_by=\"avia_inline_auto\" id=\"style-css-av-mkcxjy7v-e6dbc4ee9e4f0ff78419ff99948236f4\">\n.avia-image-container.av-mkcxjy7v-e6dbc4ee9e4f0ff78419ff99948236f4 img.avia_image{\nbox-shadow:none;\n}\n.avia-image-container.av-mkcxjy7v-e6dbc4ee9e4f0ff78419ff99948236f4 .av-image-caption-overlay-center{\ncolor:#ffffff;\n}\n<\/style>\n<div  class='avia-image-container av-mkcxjy7v-e6dbc4ee9e4f0ff78419ff99948236f4 av-styling- avia-align-center  avia-builder-el-32  avia-builder-el-no-sibling '   itemprop=\"image\" itemscope=\"itemscope\" itemtype=\"https:\/\/schema.org\/ImageObject\" ><div class=\"avia-image-container-inner\"><div class=\"avia-image-overlay-wrap\"><img decoding=\"async\" fetchpriority=\"high\" class='wp-image-3853 avia-img-lazy-loading-not-3853 avia_image ' src=\"https:\/\/drarebeccaordovas.com\/wp-content\/uploads\/2025\/11\/ana-laiseca-alergologo.jpeg\" alt='Ana' title='ana-laiseca-alergologo'  height=\"1090\" width=\"864\"  itemprop=\"thumbnailUrl\" srcset=\"https:\/\/drarebeccaordovas.com\/wp-content\/uploads\/2025\/11\/ana-laiseca-alergologo.jpeg 864w, https:\/\/drarebeccaordovas.com\/wp-content\/uploads\/2025\/11\/ana-laiseca-alergologo-238x300.jpeg 238w, https:\/\/drarebeccaordovas.com\/wp-content\/uploads\/2025\/11\/ana-laiseca-alergologo-816x1030.jpeg 816w, https:\/\/drarebeccaordovas.com\/wp-content\/uploads\/2025\/11\/ana-laiseca-alergologo-768x969.jpeg 768w, https:\/\/drarebeccaordovas.com\/wp-content\/uploads\/2025\/11\/ana-laiseca-alergologo-559x705.jpeg 559w\" sizes=\"(max-width: 864px) 100vw, 864px\" \/><\/div><\/div><\/div><\/div><div  class='flex_column av-kpbln-8da15311487025ce5dc411f8555dc0ed av_two_third  avia-builder-el-33  el_after_av_one_third  el_before_av_one_full  flex_column_div  '     ><section  class='av_textblock_section av-min3r3r8-60bdfccdaa1f82dd7e7ebf01a137d7ba '   itemscope=\"itemscope\" itemtype=\"https:\/\/schema.org\/CreativeWork\" ><div class='avia_textblock'  itemprop=\"text\" ><p data-start=\"0\" data-end=\"36\"><strong data-start=\"0\" data-end=\"36\">Ana Laiseca \u2013 Paediatric Allergy<\/strong><\/p>\n<section class=\"text-token-text-primary w-full focus:outline-none &#091;--shadow-height:45px&#093; has-data-writing-block:pointer-events-none has-data-writing-block:-mt-(--shadow-height) has-data-writing-block:pt-(--shadow-height) &#091;&amp;:has(&#091;data-writing-block&#093;)&gt;*&#093;:pointer-events-auto &#091;content-visibility:auto&#093; supports-&#091;content-visibility:auto&#093;:&#091;contain-intrinsic-size:auto_100lvh&#093; R6Vx5W_threadScrollVars scroll-mb-&#091;calc(var(--scroll-root-safe-area-inset-bottom,0px)+var(--thread-response-height))&#093; scroll-mt-&#091;calc(var(--header-height)+min(200px,max(70px,20svh)))&#093;\" dir=\"auto\" data-turn-id=\"request-69261470-5524-8323-a718-1b8908cc04e4-13\" data-testid=\"conversation-turn-334\" data-scroll-anchor=\"false\" data-turn=\"assistant\">\n<div class=\"text-base my-auto mx-auto pb-10 &#091;--thread-content-margin:var(--thread-content-margin-xs,calc(var(--spacing)*4))&#093; @w-sm\/main:&#091;--thread-content-margin:var(--thread-content-margin-sm,calc(var(--spacing)*6))&#093; @w-lg\/main:&#091;--thread-content-margin:var(--thread-content-margin-lg,calc(var(--spacing)*16))&#093; px-(--thread-content-margin)\">\n<div class=\"&#091;--thread-content-max-width:40rem&#093; @w-lg\/main:&#091;--thread-content-max-width:48rem&#093; mx-auto max-w-(--thread-content-max-width) flex-1 group\/turn-messages focus-visible:outline-hidden relative flex w-full min-w-0 flex-col agent-turn\">\n<div class=\"flex max-w-full flex-col gap-4 grow\">\n<div class=\"min-h-8 text-message relative flex w-full flex-col items-end gap-2 text-start break-words whitespace-normal outline-none keyboard-focused:focus-ring &#091;.text-message+&amp;&#093;:mt-1\" dir=\"auto\" tabindex=\"0\" data-message-author-role=\"assistant\" data-message-id=\"f70183a0-177e-4493-b6bd-bc706c224110\" data-message-model-slug=\"gpt-5-3\" data-turn-start-message=\"true\">\n<div class=\"flex w-full flex-col gap-1 empty:hidden\">\n<div class=\"markdown prose dark:prose-invert w-full wrap-break-word light markdown-new-styling\">\n<p data-start=\"38\" data-end=\"487\">I graduated in Medicine from the <strong data-start=\"71\" data-end=\"115\">Complutense University of Madrid in 2008<\/strong> and completed my specialist training in <strong data-start=\"156\" data-end=\"226\">Allergy between 2010 and 2014 at 12 de Octubre University Hospital<\/strong>. Since then, I have worked in several hospitals across the Madrid region, including <strong data-start=\"311\" data-end=\"388\">Infanta Leonor, Torrej\u00f3n, 12 de Octubre, Ram\u00f3n y Cajal, and Infanta Sof\u00eda<\/strong>. Since 2018, I have been part of the <strong data-start=\"426\" data-end=\"486\">Allergy team at Pr\u00edncipe de Asturias University Hospital<\/strong>.<\/p>\n<p data-start=\"489\" data-end=\"673\" data-is-last-node=\"\" data-is-only-node=\"\">This professional journey has allowed me to experience different clinical settings, learn from outstanding professionals, and develop a strong ability to adapt to each patient\u2019s needs.<\/p>\n<\/div>\n<\/div>\n<\/div>\n<\/div>\n<\/div>\n<\/div>\n<\/section>\n<\/div><\/section><br \/>\n\n<style type=\"text\/css\" data-created_by=\"avia_inline_auto\" id=\"style-css-av-3wgvnf-91f79f14a9173ccd3f867d5b2310a491\">\n#top .hr.hr-invisible.av-3wgvnf-91f79f14a9173ccd3f867d5b2310a491{\nheight:40px;\n}\n<\/style>\n<div  class='hr av-3wgvnf-91f79f14a9173ccd3f867d5b2310a491 hr-invisible  avia-builder-el-35  el_after_av_textblock  avia-builder-el-last '><span class='hr-inner '><span class=\"hr-inner-style\"><\/span><\/span><\/div><\/p><\/div><div  class='flex_column av-32lk8b-8c02f4810293473ba04b9ef1a611cca1 av_one_full  avia-builder-el-36  el_after_av_two_third  el_before_av_one_half  first flex_column_div  column-top-margin'     ><p>\n<style type=\"text\/css\" data-created_by=\"avia_inline_auto\" id=\"style-css-av-min3kdmy-d160dc2d8cfb59b325ee3044592163b5\">\n#top .av-special-heading.av-min3kdmy-d160dc2d8cfb59b325ee3044592163b5{\npadding-bottom:10px;\ncolor:#126c8f;\n}\nbody .av-special-heading.av-min3kdmy-d160dc2d8cfb59b325ee3044592163b5 .av-special-heading-tag .heading-char{\nfont-size:25px;\n}\n.av-special-heading.av-min3kdmy-d160dc2d8cfb59b325ee3044592163b5 .special-heading-inner-border{\nborder-color:#126c8f;\n}\n.av-special-heading.av-min3kdmy-d160dc2d8cfb59b325ee3044592163b5 .av-subheading{\nfont-size:20px;\n}\n<\/style>\n<div  class='av-special-heading av-min3kdmy-d160dc2d8cfb59b325ee3044592163b5 av-special-heading-h2 custom-color-heading blockquote modern-quote  avia-builder-el-37  el_before_av_textblock  avia-builder-el-first '><h2 class='av-special-heading-tag '  itemprop=\"headline\"  >Why request a consultation with us?<\/h2><div class=\"special-heading-border\"><div class=\"special-heading-inner-border\"><\/div><\/div><\/div><br \/>\n<section  class='av_textblock_section av-min3kz1a-b81a5871e2c431a95a7bb1d0f6b972e1 '   itemscope=\"itemscope\" itemtype=\"https:\/\/schema.org\/CreativeWork\" ><div class='avia_textblock'  itemprop=\"text\" ><p>At Equipo M\u00e9dico Ordov\u00e1s, we have a multidisciplinary team of professionals working across complementary paediatric specialties, such as paediatric allergy and respiratory medicine. A large proportion of childhood allergies present with respiratory symptoms, including rhinitis, cough, asthma, or episodes of breathing difficulty.<\/p>\n<p data-start=\"336\" data-end=\"558\">Numerous clinical guidelines and studies highlight the strong link between <strong data-start=\"411\" data-end=\"457\">allergic inflammation in the upper airways<\/strong> (such as the nose) and the development or worsening of <strong data-start=\"513\" data-end=\"540\">lower airway conditions<\/strong> (such as asthma).<\/p>\n<p data-start=\"560\" data-end=\"605\">Providing an integrated service allows us to:<\/p>\n<ul data-start=\"607\" data-end=\"1026\">\n<li data-section-id=\"9csv4m\" data-start=\"607\" data-end=\"688\"><strong data-start=\"609\" data-end=\"686\">Assess and treat both the allergic cause and its respiratory consequences<\/strong><\/li>\n<li data-section-id=\"1bvv803\" data-start=\"689\" data-end=\"772\">Deliver a <strong data-start=\"701\" data-end=\"744\">comprehensive and personalised approach<\/strong>, reducing fragmented care<\/li>\n<li data-section-id=\"1pe5r7e\" data-start=\"773\" data-end=\"879\"><strong data-start=\"775\" data-end=\"801\">Identify comorbidities<\/strong> (such as asthma and allergic rhinitis) and manage them in a coordinated way<\/li>\n<li data-section-id=\"eja84u\" data-start=\"880\" data-end=\"1026\"><strong data-start=\"882\" data-end=\"909\">Improve quality of life<\/strong> for both the child and their family, with fewer hospital visits, greater convenience, and more effective follow-up<\/li>\n<\/ul>\n<p data-start=\"1028\" data-end=\"1104\" data-is-last-node=\"\" data-is-only-node=\"\">Our aim is to offer <strong data-start=\"1048\" data-end=\"1103\">high-quality, coordinated, and patient-centred care<\/strong>.<\/p>\n<\/div><\/section><\/p><\/div><div class='flex_column_table av-7xdzux-d34dc0c77c786d6b1f719d33ab26166f sc-av_one_half av-equal-height-column-flextable'><div  class='flex_column av-7xdzux-d34dc0c77c786d6b1f719d33ab26166f av_one_half  avia-builder-el-39  el_after_av_one_full  el_before_av_one_full  first flex_column_table_cell av-equal-height-column av-align-middle  column-top-margin'     ><p>\n<style type=\"text\/css\" data-created_by=\"avia_inline_auto\" id=\"style-css-av-mg6skxgg-da734bbe46bc0354738b95634559cc2d\">\n#top .av-special-heading.av-mg6skxgg-da734bbe46bc0354738b95634559cc2d{\npadding-bottom:10px;\ncolor:#126c8f;\n}\nbody .av-special-heading.av-mg6skxgg-da734bbe46bc0354738b95634559cc2d .av-special-heading-tag .heading-char{\nfont-size:25px;\n}\n.av-special-heading.av-mg6skxgg-da734bbe46bc0354738b95634559cc2d .special-heading-inner-border{\nborder-color:#126c8f;\n}\n.av-special-heading.av-mg6skxgg-da734bbe46bc0354738b95634559cc2d .av-subheading{\nfont-size:20px;\n}\n<\/style>\n<div  class='av-special-heading av-mg6skxgg-da734bbe46bc0354738b95634559cc2d av-special-heading-h2 custom-color-heading blockquote modern-quote  avia-builder-el-40  el_before_av_textblock  avia-builder-el-first '><h2 class='av-special-heading-tag '  itemprop=\"headline\"  >Benefits of a home allergy consultation<\/h2><div class=\"special-heading-border\"><div class=\"special-heading-inner-border\"><\/div><\/div><\/div><br \/>\n<section  class='av_textblock_section av-mg6slnf5-de1e73b5234023fa1b856d4d2997cff4 '   itemscope=\"itemscope\" itemtype=\"https:\/\/schema.org\/CreativeWork\" ><div class='avia_textblock'  itemprop=\"text\" ><p data-start=\"0\" data-end=\"56\"><strong data-start=\"0\" data-end=\"56\">Home allergy consultations offer several advantages:<\/strong><\/p>\n<ul>\n<li><strong data-start=\"60\" data-end=\"106\">Avoid unnecessary travel and waiting times<\/strong> at clinics<\/li>\n<li><strong data-start=\"122\" data-end=\"165\">Care provided in a familiar environment<\/strong>, reducing stress for the child<\/li>\n<li><strong data-start=\"201\" data-end=\"240\">More accurate and timely assessment<\/strong> in the patient\u2019s real-life setting<\/li>\n<li><strong data-start=\"280\" data-end=\"303\">Flexible scheduling<\/strong> and follow-up visits<\/li>\n<li><strong data-start=\"329\" data-end=\"368\">Coordination with other specialists<\/strong> from Equipo M\u00e9dico Ordov\u00e1s when needed<\/li>\n<li><strong data-start=\"412\" data-end=\"444\">Closer, continuous follow-up<\/strong> with fewer interruptions<\/li>\n<li style=\"list-style-type: none;\"><\/li>\n<\/ul>\n<\/div><\/section><br \/>\n\n<style type=\"text\/css\" data-created_by=\"avia_inline_auto\" id=\"style-css-av-5cnqe1-69f987204ca56307eac151abe59161d9\">\n#top .hr.hr-invisible.av-5cnqe1-69f987204ca56307eac151abe59161d9{\nheight:10px;\n}\n<\/style>\n<div  class='hr av-5cnqe1-69f987204ca56307eac151abe59161d9 hr-invisible  avia-builder-el-42  el_after_av_textblock  el_before_av_codeblock '><span class='hr-inner '><span class=\"hr-inner-style\"><\/span><\/span><\/div><br \/>\n<\/p><\/div><\/div><!--close column table wrapper. Autoclose: 1 -->\n<style type=\"text\/css\" data-created_by=\"avia_inline_auto\" id=\"style-css-av-5r26fa-09fcd59f65f3b5d6e29b7bc33538b5e3\">\n.flex_column.av-5r26fa-09fcd59f65f3b5d6e29b7bc33538b5e3{\nwidth:100%;\n}\n<\/style>\n<div  class='flex_column av-5r26fa-09fcd59f65f3b5d6e29b7bc33538b5e3 av_one_full  avia-builder-el-44  el_after_av_one_half  avia-builder-el-last  contenedor-tabla familia-pediatria first flex_column_div  column-top-margin'     ><p>\n<style type=\"text\/css\" data-created_by=\"avia_inline_auto\" id=\"style-css-av-meucoi1k-2d627229af89fc08a968a992e910bf6c\">\n#top .av-special-heading.av-meucoi1k-2d627229af89fc08a968a992e910bf6c{\npadding-bottom:10px;\n}\nbody .av-special-heading.av-meucoi1k-2d627229af89fc08a968a992e910bf6c .av-special-heading-tag .heading-char{\nfont-size:25px;\n}\n.av-special-heading.av-meucoi1k-2d627229af89fc08a968a992e910bf6c .av-subheading{\nfont-size:30px;\n}\n<\/style>\n<div  class='av-special-heading av-meucoi1k-2d627229af89fc08a968a992e910bf6c av-special-heading-h2  avia-builder-el-45  el_before_av_table  avia-builder-el-first '><h2 class='av-special-heading-tag '  itemprop=\"headline\"  >TARIFAS<\/h2><div class=\"special-heading-border\"><div class=\"special-heading-inner-border\"><\/div><\/div><\/div><br \/>\n<div class='avia-data-table-wrap av-5id3la-8c41b7d51c9cb94eec3da8ef28025ad5 avia_responsive_table avia-table-1'><table  class='avia-table avia-data-table avia_pricing_default  avia-builder-el-46  el_after_av_heading  el_before_av_table  tabla-precios azul'  itemscope=\"itemscope\" itemtype=\"https:\/\/schema.org\/Table\" ><tbody><tr class='avia-heading-row'><th class=''>ESPECIALIDADES M\u00c9DICO-QUIR\u00daRGICAS<\/th><th class=''>8AM A 8PM DE LUNES A VIERNES NO FESTIVOS<\/th><th class=''>FINES DE SEMANA, FESTIVOS Y HORARIO NOCTURNO (8PM A 8AM)<\/th><\/tr><tr class=''><td class=''>Consulta<\/td><td class=''>160 \u20ac<\/td><td class=''>180 \u20ac<\/td><\/tr><tr class=''><td class=''>Paciente adicional<\/td><td class=''>80 \u20ac<\/td><td class=''>80 \u20ac<\/td><\/tr><tr class=''><td class=''>Consulta telem\u00e1tica<\/td><td class=''>80 \u20ac<\/td><td class=''>100 \u20ac<\/td><\/tr><\/tbody><\/table><\/div><style type='text\/css'>.avia-table-1 td:nth-of-type(1):before { content: 'ESPECIALIDADES M\u00c9DICO-QUIR\u00daRGICAS'; } .avia-table-1 td:nth-of-type(2):before { content: '8AM A 8PM DE LUNES A VIERNES NO FESTIVOS'; } .avia-table-1 td:nth-of-type(3):before { content: 'FINES DE SEMANA, FESTIVOS Y HORARIO NOCTURNO (8PM A 8AM)'; } <\/style><br \/>\n<div class='avia-data-table-wrap av-2seaba-90178c21ff2fb566439cd4c4b73406aa avia_responsive_table avia-table-2'><table  class='avia-table avia-data-table avia_pricing_default  avia-builder-el-47  el_after_av_table  avia-builder-el-last  tabla-precios naranja'  itemscope=\"itemscope\" itemtype=\"https:\/\/schema.org\/Table\" ><tbody><tr class='avia-heading-row'><th class=''>SUPLEMENTOS<\/th><th class=''><\/th><\/tr><tr class=''><td class=''>Visita a domicilio entre M40 -M50<\/td><td class=''>+30 \u20ac<\/td><\/tr><tr class=''><td class=''>Visita a domicilio fuera de M50 (dentro de la Comunidad de Madrid)<\/td><td class=''>+60 \u20ac<\/td><\/tr><tr class=''><td class=''>Pruebas complementarias (ej: test gripe, COVID, estreptococo, tira de orina, etc)<\/td><td class=''>+30 \u20ac<\/td><\/tr><tr class=''><td class=''>Administraci\u00f3n de inyectables (el profesional proporcionar\u00eda una receta para que el paciente lo adquiera en una farmacia previamente)<\/td><td class=''>+30 \u20ac<\/td><\/tr><\/tbody><\/table><\/div><style type='text\/css'>.avia-table-2 td:nth-of-type(1):before { content: 'SUPLEMENTOS'; } .avia-table-2 td:nth-of-type(2):before { content: ''; } <\/style><\/p><\/div><\/div><\/div><\/div><!-- close content main div --><\/div><\/div><div id='after_section_4'  class='main_color av_default_container_wrap container_wrap sidebar_right'  ><div class='container av-section-cont-open' ><div class='template-page content  av-content-small alpha units'><div class='post-entry post-entry-type-page post-entry-4533'><div class='entry-content-wrapper clearfix'><section  class='av_textblock_section av-nla6u-ca8812975306a044802748d6cd550b3f '   itemscope=\"itemscope\" itemtype=\"https:\/\/schema.org\/CreativeWork\" ><div class='avia_textblock'  itemprop=\"text\" ><p style=\"text-align: center;\"><strong>Si tienes dudas o quieres pedir cita para una visita a domicilio\u00a0<\/strong><strong>escr\u00edbenos por Whatsapp al <a>+34 679 173 648<\/a><\/strong><\/p>\n<p style=\"text-align: center;\">O pide cita directamente a trav\u00e9s del siguiente enlace:<\/p>\n<p style=\"text-align: center;\"><a href=\"https:\/\/citas.drarebeccaordovas.com\/\">citas.drarebeccaordovas.com<\/a><\/p>\n<\/div><\/section><\/p>\n\n<style type=\"text\/css\" data-created_by=\"avia_inline_auto\" id=\"style-css-av-g3r9a-100a517063474c305a63b9a4de3c4116\">\n.avia-buttonrow-wrap.av-g3r9a-100a517063474c305a63b9a4de3c4116 .avia-button{\nfont-size:20px;\n}\n<\/style>\n<div  class='avia-buttonrow-wrap av-g3r9a-100a517063474c305a63b9a4de3c4116 avia-buttonrow-center  avia-builder-el-49  el_after_av_textblock  el_before_av_codeblock  boton-naranja'>\n\n<style type=\"text\/css\" data-created_by=\"avia_inline_auto\" id=\"style-css-av-9yyye-ddcf77ac78ffd13b68f41f3a143c9b3e\">\n#top #wrap_all .avia-button.av-9yyye-ddcf77ac78ffd13b68f41f3a143c9b3e{\nborder-style:none;\nborder-radius:8px 8px 8px 8px;\ntransition:all 0.4s ease-in-out;\nmargin-bottom:5px;\nmargin-right:3px;\nmargin-left:3px;\n}\n#top #wrap_all .avia-button.av-9yyye-ddcf77ac78ffd13b68f41f3a143c9b3e:hover{\ncolor:white;\ntransition:all 0.4s ease-in-out;\n}\n#top #wrap_all .avia-button.av-9yyye-ddcf77ac78ffd13b68f41f3a143c9b3e:hover .avia_button_background{\nborder-radius:8px 8px 8px 8px;\n}\n<\/style>\n<a href='https:\/\/drarebeccaordovas.com\/contacto\/'  class='avia-button av-9yyye-ddcf77ac78ffd13b68f41f3a143c9b3e avia-icon_select-no avia-size-large avia-color-orange avia-font-color-theme-color'   aria-label=\"PIDE CITA\"><span class='avia_iconbox_title' >PIDE CITA<\/span><span class='avia_button_background avia-button avia-color-theme-color-highlight' ><\/span><\/a>\n<\/div>\n\n\n","protected":false},"excerpt":{"rendered":"","protected":false},"author":1,"featured_media":0,"parent":0,"menu_order":0,"comment_status":"closed","ping_status":"closed","template":"","meta":{"_acf_changed":false,"_joinchat":[],"footnotes":""},"class_list":["post-4533","page","type-page","status-publish","hentry"],"acf":[],"yoast_head":"<!-- This site is optimized with the Yoast SEO plugin v26.8 - https:\/\/yoast.com\/product\/yoast-seo-wordpress\/ -->\n<title>Alergolog\u00eda Pedi\u00e1trica a Domicilio en Madrid | Equipo M\u00e9dico Ordov\u00e1s<\/title>\n<meta name=\"description\" content=\"Alergolog\u00eda pedi\u00e1trica a domicilio en Madrid para beb\u00e9s y ni\u00f1os. Diagn\u00f3stico y seguimiento de asma, alergias alimentarias, rinitis y dermatitis en casa.\" \/>\n<meta name=\"robots\" content=\"index, follow, max-snippet:-1, max-image-preview:large, max-video-preview:-1\" \/>\n<link rel=\"canonical\" href=\"https:\/\/drarebeccaordovas.com\/en\/paediatric-allergy-home-visits\/\" \/>\n<script type=\"application\/ld+json\" class=\"yoast-schema-graph\">{\"@context\":\"https:\/\/schema.org\",\"@graph\":[{\"@type\":\"WebPage\",\"@id\":\"https:\/\/drarebeccaordovas.com\/en\/paediatric-allergy-home-visits\/\",\"url\":\"https:\/\/drarebeccaordovas.com\/en\/paediatric-allergy-home-visits\/\",\"name\":\"Alergolog\u00eda Pedi\u00e1trica a Domicilio en Madrid | Equipo M\u00e9dico Ordov\u00e1s\",\"isPartOf\":{\"@id\":\"https:\/\/drarebeccaordovas.com\/#website\"},\"datePublished\":\"2026-01-14T17:14:46+00:00\",\"dateModified\":\"2026-04-29T17:47:46+00:00\",\"description\":\"Alergolog\u00eda pedi\u00e1trica a domicilio en Madrid para beb\u00e9s y ni\u00f1os. Diagn\u00f3stico y seguimiento de asma, alergias alimentarias, rinitis y dermatitis en casa.\",\"breadcrumb\":{\"@id\":\"https:\/\/drarebeccaordovas.com\/en\/paediatric-allergy-home-visits\/#breadcrumb\"},\"inLanguage\":\"en-US\",\"potentialAction\":[{\"@type\":\"ReadAction\",\"target\":[\"https:\/\/drarebeccaordovas.com\/en\/paediatric-allergy-home-visits\/\"]}]},{\"@type\":\"BreadcrumbList\",\"@id\":\"https:\/\/drarebeccaordovas.com\/en\/paediatric-allergy-home-visits\/#breadcrumb\",\"itemListElement\":[{\"@type\":\"ListItem\",\"position\":1,\"name\":\"Portada\",\"item\":\"https:\/\/drarebeccaordovas.com\/en\/home\/\"},{\"@type\":\"ListItem\",\"position\":2,\"name\":\"Paediatric Allergy Home Visits in Madrid\"}]},{\"@type\":\"WebSite\",\"@id\":\"https:\/\/drarebeccaordovas.com\/#website\",\"url\":\"https:\/\/drarebeccaordovas.com\/\",\"name\":\"Equipo M\u00e9dico Ordov\u00e1s\",\"description\":\"Medicina a domicilio\",\"publisher\":{\"@id\":\"https:\/\/drarebeccaordovas.com\/#organization\"},\"alternateName\":\"Equipo M\u00e9dico Ordov\u00e1s\",\"potentialAction\":[{\"@type\":\"SearchAction\",\"target\":{\"@type\":\"EntryPoint\",\"urlTemplate\":\"https:\/\/drarebeccaordovas.com\/?s={search_term_string}\"},\"query-input\":{\"@type\":\"PropertyValueSpecification\",\"valueRequired\":true,\"valueName\":\"search_term_string\"}}],\"inLanguage\":\"en-US\"},{\"@type\":\"Organization\",\"@id\":\"https:\/\/drarebeccaordovas.com\/#organization\",\"name\":\"Equipo M\u00e9dico Ordov\u00e1s\",\"url\":\"https:\/\/drarebeccaordovas.com\/\",\"logo\":{\"@type\":\"ImageObject\",\"inLanguage\":\"en-US\",\"@id\":\"https:\/\/drarebeccaordovas.com\/#\/schema\/logo\/image\/\",\"url\":\"https:\/\/drarebeccaordovas.com\/wp-content\/uploads\/2023\/07\/logo-Ordovas-white-1.png\",\"contentUrl\":\"https:\/\/drarebeccaordovas.com\/wp-content\/uploads\/2023\/07\/logo-Ordovas-white-1.png\",\"width\":1200,\"height\":482,\"caption\":\"Equipo M\u00e9dico Ordov\u00e1s\"},\"image\":{\"@id\":\"https:\/\/drarebeccaordovas.com\/#\/schema\/logo\/image\/\"},\"sameAs\":[\"https:\/\/www.instagram.com\/drarebeccaordovas\/\"]}]}<\/script>\n<!-- \/ Yoast SEO plugin. -->","yoast_head_json":{"title":"Alergolog\u00eda Pedi\u00e1trica a Domicilio en Madrid | Equipo M\u00e9dico Ordov\u00e1s","description":"Alergolog\u00eda pedi\u00e1trica a domicilio en Madrid para beb\u00e9s y ni\u00f1os. Diagn\u00f3stico y seguimiento de asma, alergias alimentarias, rinitis y dermatitis en casa.","robots":{"index":"index","follow":"follow","max-snippet":"max-snippet:-1","max-image-preview":"max-image-preview:large","max-video-preview":"max-video-preview:-1"},"canonical":"https:\/\/drarebeccaordovas.com\/en\/paediatric-allergy-home-visits\/","schema":{"@context":"https:\/\/schema.org","@graph":[{"@type":"WebPage","@id":"https:\/\/drarebeccaordovas.com\/en\/paediatric-allergy-home-visits\/","url":"https:\/\/drarebeccaordovas.com\/en\/paediatric-allergy-home-visits\/","name":"Alergolog\u00eda Pedi\u00e1trica a Domicilio en Madrid | Equipo M\u00e9dico Ordov\u00e1s","isPartOf":{"@id":"https:\/\/drarebeccaordovas.com\/#website"},"datePublished":"2026-01-14T17:14:46+00:00","dateModified":"2026-04-29T17:47:46+00:00","description":"Alergolog\u00eda pedi\u00e1trica a domicilio en Madrid para beb\u00e9s y ni\u00f1os. Diagn\u00f3stico y seguimiento de asma, alergias alimentarias, rinitis y dermatitis en casa.","breadcrumb":{"@id":"https:\/\/drarebeccaordovas.com\/en\/paediatric-allergy-home-visits\/#breadcrumb"},"inLanguage":"en-US","potentialAction":[{"@type":"ReadAction","target":["https:\/\/drarebeccaordovas.com\/en\/paediatric-allergy-home-visits\/"]}]},{"@type":"BreadcrumbList","@id":"https:\/\/drarebeccaordovas.com\/en\/paediatric-allergy-home-visits\/#breadcrumb","itemListElement":[{"@type":"ListItem","position":1,"name":"Portada","item":"https:\/\/drarebeccaordovas.com\/en\/home\/"},{"@type":"ListItem","position":2,"name":"Paediatric Allergy Home Visits in Madrid"}]},{"@type":"WebSite","@id":"https:\/\/drarebeccaordovas.com\/#website","url":"https:\/\/drarebeccaordovas.com\/","name":"Equipo M\u00e9dico Ordov\u00e1s","description":"Medicina a domicilio","publisher":{"@id":"https:\/\/drarebeccaordovas.com\/#organization"},"alternateName":"Equipo M\u00e9dico Ordov\u00e1s","potentialAction":[{"@type":"SearchAction","target":{"@type":"EntryPoint","urlTemplate":"https:\/\/drarebeccaordovas.com\/?s={search_term_string}"},"query-input":{"@type":"PropertyValueSpecification","valueRequired":true,"valueName":"search_term_string"}}],"inLanguage":"en-US"},{"@type":"Organization","@id":"https:\/\/drarebeccaordovas.com\/#organization","name":"Equipo M\u00e9dico Ordov\u00e1s","url":"https:\/\/drarebeccaordovas.com\/","logo":{"@type":"ImageObject","inLanguage":"en-US","@id":"https:\/\/drarebeccaordovas.com\/#\/schema\/logo\/image\/","url":"https:\/\/drarebeccaordovas.com\/wp-content\/uploads\/2023\/07\/logo-Ordovas-white-1.png","contentUrl":"https:\/\/drarebeccaordovas.com\/wp-content\/uploads\/2023\/07\/logo-Ordovas-white-1.png","width":1200,"height":482,"caption":"Equipo M\u00e9dico Ordov\u00e1s"},"image":{"@id":"https:\/\/drarebeccaordovas.com\/#\/schema\/logo\/image\/"},"sameAs":["https:\/\/www.instagram.com\/drarebeccaordovas\/"]}]}},"_links":{"self":[{"href":"https:\/\/drarebeccaordovas.com\/en\/wp-json\/wp\/v2\/pages\/4533","targetHints":{"allow":["GET"]}}],"collection":[{"href":"https:\/\/drarebeccaordovas.com\/en\/wp-json\/wp\/v2\/pages"}],"about":[{"href":"https:\/\/drarebeccaordovas.com\/en\/wp-json\/wp\/v2\/types\/page"}],"author":[{"embeddable":true,"href":"https:\/\/drarebeccaordovas.com\/en\/wp-json\/wp\/v2\/users\/1"}],"replies":[{"embeddable":true,"href":"https:\/\/drarebeccaordovas.com\/en\/wp-json\/wp\/v2\/comments?post=4533"}],"version-history":[{"count":4,"href":"https:\/\/drarebeccaordovas.com\/en\/wp-json\/wp\/v2\/pages\/4533\/revisions"}],"predecessor-version":[{"id":4542,"href":"https:\/\/drarebeccaordovas.com\/en\/wp-json\/wp\/v2\/pages\/4533\/revisions\/4542"}],"wp:attachment":[{"href":"https:\/\/drarebeccaordovas.com\/en\/wp-json\/wp\/v2\/media?parent=4533"}],"curies":[{"name":"wp","href":"https:\/\/api.w.org\/{rel}","templated":true}]}}